{"id":708,"date":"2020-11-17T20:25:57","date_gmt":"2020-11-17T20:25:57","guid":{"rendered":"https:\/\/villa-goga.hr\/island-cres\/"},"modified":"2020-12-15T22:18:01","modified_gmt":"2020-12-15T22:18:01","slug":"insel-cres","status":"publish","type":"page","link":"https:\/\/villa-goga.hr\/de\/insel-cres\/","title":{"rendered":"Der Insel Cres"},"content":{"rendered":"<p>[vc_row][vc_column width=&#8220;2\/3&#8243;][vc_column_text]Die Insel Cres, die erste Insel der Adria, liegt im n\u00f6rdlichen Teil der Kvarner-Bucht. In ihrem s\u00fcdlichen Teil, im Ort Osor, ist sie durch eine Drehbr\u00fccke mit der Insel Lo\u0161inj verbunden. Cres ist eine gebirgige Insel, 66 km lang und 2 bis 12 km breit. Die 248 km lange K\u00fcste ist seher abwechslungsreich. Im westlichen und s\u00fcdlichen Teil gibt es zahlreiche Buchten und Kieselstr\u00e4nde, w\u00e4hrend den n\u00f6rdlichen und \u00f6stlichen Teil steile Felsen s\u00e4umen. Von den h\u00f6chsten Gipfeln der Insel &#8211; Gorice (648 m) und Sis (638m) bietet sich ein beeindruckender Ausblick auf die ganze Kvarner-Bucht, der kaum einen gleichg\u00fcltig l\u00e4sst.[\/vc_column_text][\/vc_column][vc_column width=&#8220;1\/3&#8243;][vc_single_image image=&#8220;328&#8243; img_size=&#8220;medium&#8220; onclick=&#8220;link_image&#8220; css_animation=&#8220;fadeInUp&#8220;][\/vc_column][\/vc_row][vc_row][vc_column][vc_column_text]Als besonders interessantes und ungew\u00f6hnliches Naturph\u00e4nomen ist der S\u00fc\u00dfwassersee Vrana zu erw\u00e4hnen. Der See misst 5,75 km2, die Oberfl\u00e4che des Vrana-Sees liegt h\u00f6her als die des umliegenden Meeres, w\u00e4hrend der Seeboden auf einer Tiefe von 74 m unter der Meeresoberfl\u00e4che liegt.[\/vc_column_text][\/vc_column][\/vc_row][vc_row][vc_column width=&#8220;1\/4&#8243;][vc_single_image image=&#8220;326&#8243; img_size=&#8220;medium&#8220; onclick=&#8220;link_image&#8220; css_animation=&#8220;fadeIn&#8220;][\/vc_column][vc_column width=&#8220;3\/4&#8243;][vc_column_text]Charakteristisch f\u00fcr Cres sind starke Kontraste zwischen seinem n\u00f6rdlichen submediterranen Teil mit hohen, dichten W\u00e4ldern, wo Eichen, Hainbuchen, Ulmen und Kastanien wachsen, und dem mittleren und s\u00fcdlichen mediterranen Teil, wo karge Weidefl\u00e4chen und dichte Macchia \u00fcberwiegen. Der gro\u00dfe Reichtum an Pflanzen (ca. 1300 Arten) und Tieren mit ausnehmend gro\u00dfer Zahl endemischer Arten stellt f\u00fcr Naturfreunde eine Herausforderung dar. Auf der Insel Cres befindet sich auch eine der letzten Niststellen des G\u00e4nsegeiers, einer schon selten gewordenen Vogelart.[\/vc_column_text][\/vc_column][\/vc_row][vc_row][vc_column][vc_column_text]Die Insel Cres war schon im Neolithikum bewohnt. Die ununterbrochene Besiedelung der Insel hat ein au\u00dfergew\u00f6hnlich reiches kulturgeschichtliches Erbe hinterlassen: von den Burgruinen der Liburnier, \u00fcber antike Ruinen und zahlreiche fr\u00fchkatholische Kirchen und Kl\u00f6ster bis hin zu der Hinterlassenschaft der venezianischen Epoche und moderne Denkm\u00e4ler.<\/p>\n<p>Dies ist Ihre Insel und Ihr Leuchtturm. Hier haben Sie die Gelegenheit, sich selbst zu finden und die Natur in ihrem urspr\u00fcnglichen Zustand zu erleben. Dies ist ein Urlaubsziel, das Sie gerne wieder besuchen werden und wo Sie mit Freude empfangen werden.[\/vc_column_text][\/vc_column][\/vc_row][vc_row][vc_column width=&#8220;2\/3&#8243;][vc_column_text]Was Sie auch immer von Ihrem Urlaub erwarten, Cres ist die richtige Destination. Sie werden unvergessliche Augenblicke der Ruhe und Erholung werden, egal ob Sie leidenschaftlicher Sportler, Erforscher der Meerestiefen oder Naturfreund sind, ob Sie unerm\u00fcdlich nach kulturgeschichtlichen Denkm\u00e4lern suchen oder einsame Str\u00e4nde, lange Spazierg\u00e4nge oder das lebhafte Treiben der mediterranen St\u00e4dtchen vorziehen.<\/p>\n<p>Das Tempo des Lebens auf der Insel hat sich im Laufe der Zeit kaum ver\u00e4ndert. Allerdings borgt sich die Insel von der modernen Zivilisation alles, was ihr zu einem besseren und gem\u00fctlicheren Leben verhilft. Die Gegenwart und die Zukunft der Insel Cres gr\u00fcnden sich zum gro\u00dfen Teil auf den Fremdenverkehr. Deshalb ist hier jeder Gast K\u00f6nig.[\/vc_column_text][\/vc_column][vc_column width=&#8220;1\/3&#8243;][vc_single_image image=&#8220;327&#8243; img_size=&#8220;medium&#8220; onclick=&#8220;link_image&#8220; css_animation=&#8220;fadeInLeft&#8220;][\/vc_column][\/vc_row]<\/p>\n","protected":false},"excerpt":{"rendered":"<p>[vc_row][vc_column width=&#8220;2\/3&#8243;][vc_column_text]Die Insel Cres, die erste Insel der Adria, liegt im n\u00f6rdlichen Teil der Kvarner-Bucht. In ihrem s\u00fcdlichen Teil, im Ort Osor, ist sie durch eine Drehbr\u00fccke mit der Insel Lo\u0161inj verbunden. Cres ist eine gebirgige Insel, 66 km lang und 2 bis 12 km breit. Die 248 km lange K\u00fcste ist seher abwechslungsreich. Im westlichen und s\u00fcdlichen Teil gibt es zahlreiche Buchten und Kieselstr\u00e4nde, w\u00e4hrend den n\u00f6rdlichen und \u00f6stlichen Teil steile Felsen s\u00e4umen. Von den h\u00f6chsten Gipfeln der Insel &#8211; Gorice (648 m) und Sis (638m) bietet sich ein beeindruckender Ausblick auf die ganze Kvarner-Bucht, der kaum einen gleichg\u00fcltig l\u00e4sst.[\/vc_column_text][\/vc_column][vc_column width=&#8220;1\/3&#8243;][vc_single_image image=&#8220;328&#8243; img_size=&#8220;medium&#8220; onclick=&#8220;link_image&#8220; css_animation=&#8220;fadeInUp&#8220;][\/vc_column][\/vc_row][vc_row][vc_column][vc_column_text]Als besonders interessantes und ungew\u00f6hnliches Naturph\u00e4nomen ist der S\u00fc\u00dfwassersee Vrana zu erw\u00e4hnen. Der See misst 5,75 km2, die Oberfl\u00e4che des Vrana-Sees liegt h\u00f6her als die des umliegenden Meeres, w\u00e4hrend der Seeboden auf einer Tiefe von 74 m unter der Meeresoberfl\u00e4che liegt.[\/vc_column_text][\/vc_column][\/vc_row][vc_row][vc_column width=&#8220;1\/4&#8243;][vc_single_image image=&#8220;326&#8243; img_size=&#8220;medium&#8220; onclick=&#8220;link_image&#8220; [&hellip;]<\/p>\n","protected":false},"author":1,"featured_media":710,"parent":0,"menu_order":0,"comment_status":"closed","ping_status":"closed","template":"page-templates\/full-width.php","meta":[],"_links":{"self":[{"href":"https:\/\/villa-goga.hr\/de\/wp-json\/wp\/v2\/pages\/708"}],"collection":[{"href":"https:\/\/villa-goga.hr\/de\/wp-json\/wp\/v2\/pages"}],"about":[{"href":"https:\/\/villa-goga.hr\/de\/wp-json\/wp\/v2\/types\/page"}],"author":[{"embeddable":true,"href":"https:\/\/villa-goga.hr\/de\/wp-json\/wp\/v2\/users\/1"}],"replies":[{"embeddable":true,"href":"https:\/\/villa-goga.hr\/de\/wp-json\/wp\/v2\/comments?post=708"}],"version-history":[{"count":2,"href":"https:\/\/villa-goga.hr\/de\/wp-json\/wp\/v2\/pages\/708\/revisions"}],"predecessor-version":[{"id":712,"href":"https:\/\/villa-goga.hr\/de\/wp-json\/wp\/v2\/pages\/708\/revisions\/712"}],"wp:featuredmedia":[{"embeddable":true,"href":"https:\/\/villa-goga.hr\/de\/wp-json\/wp\/v2\/media\/710"}],"wp:attachment":[{"href":"https:\/\/villa-goga.hr\/de\/wp-json\/wp\/v2\/media?parent=708"}],"curies":[{"name":"wp","href":"https:\/\/api.w.org\/{rel}","templated":true}]}}