{"id":726,"date":"2020-11-25T22:11:01","date_gmt":"2020-11-25T22:11:01","guid":{"rendered":"https:\/\/villa-goga.hr\/places\/"},"modified":"2020-12-15T23:09:36","modified_gmt":"2020-12-15T23:09:36","slug":"places","status":"publish","type":"page","link":"https:\/\/villa-goga.hr\/de\/places\/","title":{"rendered":"Orte"},"content":{"rendered":"<p>[vc_row][vc_column]<div class=\"heading  default align-left color-black subcolor-main transform-default icon-type-default heading-tag-h2\" id=\"like_sc_header_1845457827\"><h2 class=\"header ltx-sr-id-like_sc_header_18454578271481311537 ltx-sr ltx-sr-effect-fade_in ltx-sr-el-block ltx-sr-delay-0 ltx-sr-duration-1000 ltx-sr-sequences-0\">Cres<\/h2><\/div>[vc_column_text]<div id=\"metaslider-id-381\" style=\"width: 100%;\" class=\"ml-slider-3-27-13 metaslider metaslider-flex metaslider-381 ml-slider\">\n    <div id=\"metaslider_container_381\">\n        <div id=\"metaslider_381\">\n            <ul aria-live=\"polite\" class=\"slides\">\n                <li style=\"display: block; width: 100%;\" class=\"slide-388 ms-image\"><img src=\"https:\/\/villa-goga.hr\/wp-content\/uploads\/2020\/12\/cres-scaled-700x300.jpg\" height=\"300\" width=\"700\" alt=\"\" class=\"slider-381 slide-388\" title=\"cres\" \/><\/li>\n                <li style=\"display: none; width: 100%;\" class=\"slide-389 ms-image\"><img src=\"https:\/\/villa-goga.hr\/wp-content\/uploads\/2020\/12\/4045467-1200x675-1-700x300.jpg\" height=\"300\" width=\"700\" alt=\"\" class=\"slider-381 slide-389\" title=\"4045467-1200x675\" \/><\/li>\n                <li style=\"display: none; width: 100%;\" class=\"slide-390 ms-image\"><img src=\"https:\/\/villa-goga.hr\/wp-content\/uploads\/2020\/12\/cres_1702-700x300.jpg\" height=\"300\" width=\"700\" alt=\"\" class=\"slider-381 slide-390\" title=\"cres_1702\" \/><\/li>\n                <li style=\"display: none; width: 100%;\" class=\"slide-391 ms-image\"><img src=\"https:\/\/villa-goga.hr\/wp-content\/uploads\/2020\/12\/Cres-Cres1-700x300.jpg\" height=\"300\" width=\"700\" alt=\"\" class=\"slider-381 slide-391\" title=\"Cres-Cres1\" \/><\/li>\n                <li style=\"display: none; width: 100%;\" class=\"slide-392 ms-image\"><img src=\"https:\/\/villa-goga.hr\/wp-content\/uploads\/2020\/12\/cres-ivo-biocina_2-700x300.jpg\" height=\"300\" width=\"700\" alt=\"\" class=\"slider-381 slide-392\" title=\"cres-ivo-biocina_2\" \/><\/li>\n            <\/ul>\n        <\/div>\n        \n    <\/div>\n<\/div>[\/vc_column_text][vc_column_text]Die Stadt Cres befindet sich im nord-\u00f6stlichen Teil der ger\u00e4umigen und ausgezeichnet gesch\u00fctzten Bucht, welche schon seit eh und je eine gute Sturmdeckung bot. Wegen dieser g\u00fcnstigen Lage und Winddeckung wurde s\u00fcdlich der Stadt eine moderne Marine mit viel Anlegem\u00f6glichkeit gebaut. Die Bucht ist reich an Str\u00e4nden und Badem\u00f6glichkeiten \u2013 die n\u00e4chsten Str\u00e4nde sind nur einige Minuten vom Stadtzentrum zu Fu\u00df entfernt. Die Lage erm\u00f6glichte durch die Geschichte die Entwicklung von Fischerei, Schiffbau und Schifffahrt. Der fruchtgebende Boden um die Stadt herum erlaubt den Olivenanbau mit Oliven der Spitzenklasse, woraus das ber\u00fchmte Oliven\u00f6l von Cres gewonnen wird.[\/vc_column_text][\/vc_column][\/vc_row][vc_row][vc_column]<div class=\"heading  default align-left color-black subcolor-main transform-default icon-type-default heading-tag-h2\" id=\"like_sc_header_857765429\"><h2 class=\"header ltx-sr-id-like_sc_header_8577654291021003093 ltx-sr ltx-sr-effect-fade_in ltx-sr-el-block ltx-sr-delay-0 ltx-sr-duration-1000 ltx-sr-sequences-0\">Lubenice<\/h2><\/div>[vc_column_text]<div id=\"metaslider-id-397\" style=\"width: 100%;\" class=\"ml-slider-3-27-13 metaslider metaslider-flex metaslider-397 ml-slider\">\n    <div id=\"metaslider_container_397\">\n        <div id=\"metaslider_397\">\n            <ul aria-live=\"polite\" class=\"slides\">\n                <li style=\"display: block; width: 100%;\" class=\"slide-402 ms-image\"><img src=\"https:\/\/villa-goga.hr\/wp-content\/uploads\/2020\/11\/01-CRES-LUBENICE-Sveti-Ivan-D85_8141_ACR-aleksandar-gospic-700x300.jpg\" height=\"300\" width=\"700\" alt=\"\" class=\"slider-397 slide-402\" title=\"01-CRES-LUBENICE-Sveti-Ivan-D85_8141_ACR-aleksandar-gospic\" \/><\/li>\n                <li style=\"display: none; width: 100%;\" class=\"slide-403 ms-image\"><img src=\"https:\/\/villa-goga.hr\/wp-content\/uploads\/2020\/11\/kroatien-lubenice-gilt-ohne-hotels-und-restaurants-dafucc88r-aber-mit-friedlicher-idylle-und-herrlicher-aussicht-als-absoluter-geheimtipp-auf-der-insel-cres-kroatien-sinisa-botas-shutters-scaled-700x300.jpg\" height=\"300\" width=\"700\" alt=\"\" class=\"slider-397 slide-403\" title=\"Lubenice gilt ohne Hotels und Restaurants, daf\u00fcr aber mit friedlicher Idylle und herrlicher Aussicht als absoluter Geheimtipp auf der Insel Cres, Kroatien\" \/><\/li>\n                <li style=\"display: none; width: 100%;\" class=\"slide-404 ms-image\"><img src=\"https:\/\/villa-goga.hr\/wp-content\/uploads\/2020\/11\/lubenice1_irena_trkulja-700x300.jpg\" height=\"300\" width=\"700\" alt=\"\" class=\"slider-397 slide-404\" title=\"lubenice1_irena_trkulja\" \/><\/li>\n                <li style=\"display: none; width: 100%;\" class=\"slide-405 ms-image\"><img src=\"https:\/\/villa-goga.hr\/wp-content\/uploads\/2020\/11\/maxresdefault-700x300.jpg\" height=\"300\" width=\"700\" alt=\"\" class=\"slider-397 slide-405\" title=\"maxresdefault\" \/><\/li>\n            <\/ul>\n        <\/div>\n        \n    <\/div>\n<\/div>[\/vc_column_text][vc_column_text]<\/p>\n<header>\n<div class=\"summary\">\n<p>Lubenice thront auf einem 378 m \u00fcber dem Meer hohen Fels. Im Mittelalter war Lubenice das Zentrum des Archipels und geostrategisch sehr wichtig.<\/p>\n<\/div>\n<\/header>\n<section>Im Ort findet man eine mittelalterliche Festung, Reste der mittelalterlichen Stadtmauer und Stadttor. Viele kleinen Kirchen ebenfalls; der Hl. Sonntag, die gotische Kirche des Hl. Antons Eremit, Pfarrkirche der Hl. Jungfrau Maria mit dem Glockenturm aus dem 18. Jahrhundert und die Kirche des Hl. Jakobs.Der Ort ist von der Form oval und es f\u00fchren zwei parallele, schl\u00e4nglige Stra\u00dfen hindurch. Die Stra\u00dfen und Pl\u00e4tze tragen keinen Namen, sie sind nur mit Nummern von eins bis zweiundvierzig versehen. In Lubenice gibt es auch ein Schulgeb\u00e4ude, da aber keine Menschen unter 65 im Ort leben, ist die Schule nicht auf.<\/p>\n<\/section>\n<p>[\/vc_column_text][\/vc_column][\/vc_row][vc_row][vc_column]<div class=\"heading  default align-left color-black subcolor-main transform-default icon-type-default heading-tag-h2\" id=\"like_sc_header_1101551205\"><h2 class=\"header ltx-sr-id-like_sc_header_1101551205467903749 ltx-sr ltx-sr-effect-fade_in ltx-sr-el-block ltx-sr-delay-0 ltx-sr-duration-1000 ltx-sr-sequences-0\">Beli<\/h2><\/div>[vc_column_text]<div id=\"metaslider-id-407\" style=\"width: 100%;\" class=\"ml-slider-3-27-13 metaslider metaslider-flex metaslider-407 ml-slider\">\n    <div id=\"metaslider_container_407\">\n        <div id=\"metaslider_407\">\n            <ul aria-live=\"polite\" class=\"slides\">\n                <li style=\"display: block; width: 100%;\" class=\"slide-414 ms-image\"><img src=\"https:\/\/villa-goga.hr\/wp-content\/uploads\/2020\/11\/99520981-labyrinth-made-of-white-stones-on-a-green-meadow-near-beli-cres-croatia-on-a-sunny-day-in-spring-450x192.jpg\" height=\"300\" width=\"700\" alt=\"\" class=\"slider-407 slide-414\" title=\"99520981-labyrinth-made-of-white-stones-on-a-green-meadow-near-beli-cres-croatia-on-a-sunny-day-in-spring\" \/><\/li>\n                <li style=\"display: none; width: 100%;\" class=\"slide-415 ms-image\"><img src=\"https:\/\/villa-goga.hr\/wp-content\/uploads\/2020\/11\/264096409-700x300.jpg\" height=\"300\" width=\"700\" alt=\"\" class=\"slider-407 slide-415\" title=\"264096409\" \/><\/li>\n                <li style=\"display: none; width: 100%;\" class=\"slide-416 ms-image\"><img src=\"https:\/\/villa-goga.hr\/wp-content\/uploads\/2020\/11\/Beli_Cres_Croatia-700x300.jpg\" height=\"300\" width=\"700\" alt=\"\" class=\"slider-407 slide-416\" title=\"Beli,_Cres,_Croatia\" \/><\/li>\n                <li style=\"display: none; width: 100%;\" class=\"slide-417 ms-image\"><img src=\"https:\/\/villa-goga.hr\/wp-content\/uploads\/2020\/11\/beli_zjRYfR-700x300.jpg\" height=\"300\" width=\"700\" alt=\"\" class=\"slider-407 slide-417\" title=\"beli_zjRYfR\" \/><\/li>\n                <li style=\"display: none; width: 100%;\" class=\"slide-418 ms-image\"><img src=\"https:\/\/villa-goga.hr\/wp-content\/uploads\/2020\/11\/kroatien-die-winzige-ortschaft-beli-im-norden-der-insel-cres-lockt-kroatien-urlauber-vor-allem-mit-seiner-himmlischen-ruhe-und-fantastischen-aussicht-ucc88ber-die-adria-howardponneso-shutte-scaled-700x300.jpg\" height=\"300\" width=\"700\" alt=\"\" class=\"slider-407 slide-418\" title=\"Die winzige Ortschaft Beli im Norden der Insel Cres lockt Kroatien-Urlauber vor allem mit seiner himmlischen Ruhe und fantastischen Aussicht \u00fcber die Adria\" \/><\/li>\n                <li style=\"display: none; width: 100%;\" class=\"slide-419 ms-image\"><img src=\"https:\/\/villa-goga.hr\/wp-content\/uploads\/2020\/11\/maxresdefault-1-700x300.jpg\" height=\"300\" width=\"700\" alt=\"\" class=\"slider-407 slide-419\" title=\"maxresdefault\" \/><\/li>\n            <\/ul>\n        <\/div>\n        \n    <\/div>\n<\/div>[\/vc_column_text][vc_column_text]<\/p>\n<header>\n<div class=\"summary\">\n<p>Beli geh\u00f6rt zu den \u00e4ltesten und in der Vergangenheit wichtigsten Ortschaften auf Cres.<\/p>\n<\/div>\n<\/header>\n<section>Die Siedlung ist wie eine Akopolis gebaut, n\u00e4mlich auf der h\u00f6chsten Erhebung in der Umgebung, in diesem Fall auf einem 130 m hohem Berg im Nordteil der Insel Cres. Sie ist mit Wahrscheinlichkeit auf den Tr\u00fcmmern eines vorgeschichtlichen Burges gebaut worden und stellt eine typische K\u00fcstensiedlung dar mit schmalen Stra\u00dfen und zusammengedr\u00fcckten H\u00e4usern dar. In Beli sind zahlreiche kulturelle und geschichtliche Sehensw\u00fcrdigkeiten zu finden: die Pfarrkirche mit einer halbkreisf\u00f6rmigen Apsis der sp\u00e4tromanischen Kirche, in welcher einige wertvollen glagolitischen Aufschriften bewahrt sind, die romanische Kirche der Heiligen Marija mit einer Museumssammlung, gotische einschiffige Kirche des Hl. Antons auf dem hiesigen Friedhof, vorgeschichtliche St\u00e4lle am Stadteingang und eine r\u00f6mische Br\u00fccke \u00fcber die Schlucht wie auch der Steinkopf des K\u00f6nigs Abel.<\/section>\n<p>[\/vc_column_text][\/vc_column][\/vc_row][vc_row][vc_column]<div class=\"heading  default align-left color-black subcolor-main transform-default icon-type-default heading-tag-h2\" id=\"like_sc_header_1598102527\"><h2 class=\"header ltx-sr-id-like_sc_header_15981025271448332177 ltx-sr ltx-sr-effect-fade_in ltx-sr-el-block ltx-sr-delay-0 ltx-sr-duration-1000 ltx-sr-sequences-0\">Valun<\/h2><\/div>[vc_column_text]<div id=\"metaslider-id-421\" style=\"width: 100%;\" class=\"ml-slider-3-27-13 metaslider metaslider-flex metaslider-421 ml-slider\">\n    <div id=\"metaslider_container_421\">\n        <div id=\"metaslider_421\">\n            <ul aria-live=\"polite\" class=\"slides\">\n                <li style=\"display: block; width: 100%;\" class=\"slide-429 ms-image\"><img src=\"https:\/\/villa-goga.hr\/wp-content\/uploads\/2020\/11\/2662dabd2e0f5ecf5fc76d931ee4f546-700x300.jpg\" height=\"300\" width=\"700\" alt=\"\" class=\"slider-421 slide-429\" title=\"2662dabd2e0f5ecf5fc76d931ee4f546\" \/><\/li>\n                <li style=\"display: none; width: 100%;\" class=\"slide-430 ms-image\"><img src=\"https:\/\/villa-goga.hr\/wp-content\/uploads\/2020\/11\/cres-valun-beach-1-l-700x300.jpg\" height=\"300\" width=\"700\" alt=\"\" class=\"slider-421 slide-430\" title=\"cres-valun-beach-1-l\" \/><\/li>\n                <li style=\"display: none; width: 100%;\" class=\"slide-431 ms-image\"><img src=\"https:\/\/villa-goga.hr\/wp-content\/uploads\/2020\/11\/fb8829e41feb69b673a27fb2706035716c2bafe3d79ea2433ede01b0f0129197-scaled-700x300.jpg\" height=\"300\" width=\"700\" alt=\"\" class=\"slider-421 slide-431\" title=\"fb8829e41feb69b673a27fb2706035716c2bafe3d79ea2433ede01b0f0129197\" \/><\/li>\n                <li style=\"display: none; width: 100%;\" class=\"slide-432 ms-image\"><img src=\"https:\/\/villa-goga.hr\/wp-content\/uploads\/2020\/11\/plaza-valun-cres-700x300.jpg\" height=\"300\" width=\"700\" alt=\"\" class=\"slider-421 slide-432\" title=\"plaza-valun-cres\" \/><\/li>\n                <li style=\"display: none; width: 100%;\" class=\"slide-433 ms-image\"><img src=\"https:\/\/villa-goga.hr\/wp-content\/uploads\/2020\/11\/Valun_11-700x300.jpg\" height=\"300\" width=\"700\" alt=\"\" class=\"slider-421 slide-433\" title=\"Valun_11\" \/><\/li>\n                <li style=\"display: none; width: 100%;\" class=\"slide-434 ms-image\"><img src=\"https:\/\/villa-goga.hr\/wp-content\/uploads\/2020\/11\/Valun-cres-1-700x300.jpg\" height=\"300\" width=\"700\" alt=\"\" class=\"slider-421 slide-434\" title=\"Valun-cres\" \/><\/li>\n            <\/ul>\n        <\/div>\n        \n    <\/div>\n<\/div>[\/vc_column_text][vc_column_text]Valun ist eine kleine malerische K\u00fcstenortschaft von Fischern und Bauern, eingenistet zwischen zwei wundersch\u00f6nen Kiesstr\u00e4nden s\u00fcdlich der Stadt Cres.<\/p>\n<p>Sie entstand als Hafen der \u00e4lteren Ortschaft Bucev, deren Reste bei der Kirche von Hl. Markus gefunden wurden.<\/p>\n<p>In der Kirche des Hl. Markus wurde die Tafel von Valun aus dem 11. Jahrhundert entdeckt, das \u00e4lteste glagolitische Denkmal, heute in der Pfarrkirche in Valun aufbewahrt. Eines Besuchs wert ist auch das glagolitische Lapidarium auf der Terrasse des jetzigen Restaurants, das die Kopien der \u00e4ltesten glagolitischen Schriften aus Istrien, Kvarner und Dalmatien zeigt.<\/p>\n<p>Valun ist f\u00fcr seine Gastronomie ber\u00fchmt, vor allem f\u00fcr Fischspezialit\u00e4ten.[\/vc_column_text][\/vc_column][\/vc_row][vc_row][vc_column]<div class=\"heading  default align-left color-black subcolor-main transform-default icon-type-default heading-tag-h2\" id=\"like_sc_header_1281059937\"><h2 class=\"header ltx-sr-id-like_sc_header_12810599371577453976 ltx-sr ltx-sr-effect-fade_in ltx-sr-el-block ltx-sr-delay-0 ltx-sr-duration-1000 ltx-sr-sequences-0\">Martin\u0161\u0107ica<\/h2><\/div>[vc_column_text]<div id=\"metaslider-id-437\" style=\"width: 100%;\" class=\"ml-slider-3-27-13 metaslider metaslider-flex metaslider-437 ml-slider\">\n    <div id=\"metaslider_container_437\">\n        <div id=\"metaslider_437\">\n            <ul aria-live=\"polite\" class=\"slides\">\n                <li style=\"display: block; width: 100%;\" class=\"slide-444 ms-image\"><img src=\"https:\/\/villa-goga.hr\/wp-content\/uploads\/2020\/11\/1-martinscica01_2017-08-24-700x300.jpg\" height=\"300\" width=\"700\" alt=\"\" class=\"slider-437 slide-444\" title=\"1-martinscica01_2017-08-24\" \/><\/li>\n                <li style=\"display: none; width: 100%;\" class=\"slide-445 ms-image\"><img src=\"https:\/\/villa-goga.hr\/wp-content\/uploads\/2020\/11\/41300-700x300.jpg\" height=\"300\" width=\"700\" alt=\"\" class=\"slider-437 slide-445\" title=\"41300\" \/><\/li>\n                <li style=\"display: none; width: 100%;\" class=\"slide-446 ms-image\"><img src=\"https:\/\/villa-goga.hr\/wp-content\/uploads\/2020\/11\/138385513-700x300.jpg\" height=\"300\" width=\"700\" alt=\"\" class=\"slider-437 slide-446\" title=\"138385513\" \/><\/li>\n                <li style=\"display: none; width: 100%;\" class=\"slide-447 ms-image\"><img src=\"https:\/\/villa-goga.hr\/wp-content\/uploads\/2020\/11\/1461659955_martinscica1_jpg-700x300.jpg\" height=\"300\" width=\"700\" alt=\"\" class=\"slider-437 slide-447\" title=\"1461659955_martinscica1_jpg\" \/><\/li>\n                <li style=\"display: none; width: 100%;\" class=\"slide-448 ms-image\"><img src=\"https:\/\/villa-goga.hr\/wp-content\/uploads\/2020\/11\/1472203850_m1-700x300.jpg\" height=\"300\" width=\"700\" alt=\"\" class=\"slider-437 slide-448\" title=\"1472203850_m1\" \/><\/li>\n                <li style=\"display: none; width: 100%;\" class=\"slide-449 ms-image\"><img src=\"https:\/\/villa-goga.hr\/wp-content\/uploads\/2020\/11\/martinscica02-700x300.jpg\" height=\"300\" width=\"700\" alt=\"\" class=\"slider-437 slide-449\" title=\"DCIM100GOPROG0015127.\" \/><div class=\"caption-wrap\"><div class=\"caption\">DCIM100GOPROG0015127.<\/div><\/div><\/li>\n            <\/ul>\n        <\/div>\n        \n    <\/div>\n<\/div>[\/vc_column_text][vc_column_text]Martin\u0161\u0107ica befindet sich in einer ger\u00e4umigen Bucht an der Westk\u00fcste von Cres und ist die zweitgr\u00f6\u00dfte Ortschaft auf der Insel.<\/p>\n<p>Der Name stammt von der mittelalterlichen Kirche des Heiligen Martins, welcher zugleich der Schutzpatrone der Stadt ist.<\/p>\n<p>Die Stadt ist reich an \u00fcppigen Mediterranpflanzen. Der Schwerpunkt liegt am Familien- und Camping-Tourismus. Zahlreiche Str\u00e4nde n\u00f6rdlich der Stadt in der unber\u00fchrter Natur bieten gro\u00dfe M\u00f6glichkeiten f\u00fcr einen qualitativen und aktiven Urlaub. Weitere interessante Urlaubsziele in der N\u00e4he von Martin\u0161\u0107ica sind Mihola\u0161\u0107ica, Stivan i Vidovi\u0107i.<\/p>\n<p>An den umgebenden H\u00fcgeln sind heute noch vorgeschichtliche Burgmauer, Tr\u00fcmmer einer romanischen Kirche von Hr. Christophorus, Fragmente der gotischen Kirche der Hl. Cosmas und Damian zu finden. In den Einbuchtungen an der K\u00fcste k\u00f6nnen Sie noch Spuren von antiken Villen entdecken.[\/vc_column_text][\/vc_column][\/vc_row][vc_row][vc_column]<div class=\"heading  default align-left color-black subcolor-main transform-default icon-type-default heading-tag-h2\" id=\"like_sc_header_1109837401\"><h2 class=\"header ltx-sr-id-like_sc_header_11098374011726554962 ltx-sr ltx-sr-effect-fade_in ltx-sr-el-block ltx-sr-delay-0 ltx-sr-duration-1000 ltx-sr-sequences-0\">Osor<\/h2><\/div>[vc_column_text]<div id=\"metaslider-id-608\" style=\"width: 100%;\" class=\"ml-slider-3-27-13 metaslider metaslider-flex metaslider-608 ml-slider\">\n    <div id=\"metaslider_container_608\">\n        <div id=\"metaslider_608\">\n            <ul aria-live=\"polite\" class=\"slides\">\n                <li style=\"display: block; width: 100%;\" class=\"slide-614 ms-image\"><img src=\"https:\/\/villa-goga.hr\/wp-content\/uploads\/2020\/11\/osor-636319432315948645_1600_900-700x300.jpeg\" height=\"300\" width=\"700\" alt=\"\" class=\"slider-608 slide-614\" title=\"osor-636319432315948645_1600_900\" \/><\/li>\n                <li style=\"display: none; width: 100%;\" class=\"slide-615 ms-image\"><img src=\"https:\/\/villa-goga.hr\/wp-content\/uploads\/2020\/11\/osor-636319432433292386_1600_900-700x300.jpeg\" height=\"300\" width=\"700\" alt=\"\" class=\"slider-608 slide-615\" title=\"osor-636319432433292386_1600_900\" \/><\/li>\n                <li style=\"display: none; width: 100%;\" class=\"slide-616 ms-image\"><img src=\"https:\/\/villa-goga.hr\/wp-content\/uploads\/2020\/11\/osor-636319432475479904_1600_900-700x300.jpeg\" height=\"300\" width=\"700\" alt=\"\" class=\"slider-608 slide-616\" title=\"osor-636319432475479904_1600_900\" \/><\/li>\n                <li style=\"display: none; width: 100%;\" class=\"slide-617 ms-image\"><img src=\"https:\/\/villa-goga.hr\/wp-content\/uploads\/2020\/11\/osor-636536950701785710_1600_900-1-700x300.jpeg\" height=\"300\" width=\"700\" alt=\"\" class=\"slider-608 slide-617\" title=\"osor-636536950701785710_1600_900 (1)\" \/><\/li>\n                <li style=\"display: none; width: 100%;\" class=\"slide-618 ms-image\"><img src=\"https:\/\/villa-goga.hr\/wp-content\/uploads\/2020\/11\/osor-636536950701785710_1600_900-700x300.jpeg\" height=\"300\" width=\"700\" alt=\"\" class=\"slider-608 slide-618\" title=\"osor-636536950701785710_1600_900\" \/><\/li>\n            <\/ul>\n        <\/div>\n        \n    <\/div>\n<\/div>[\/vc_column_text][vc_column_text]An der Stelle, an der sich die Inseln Cres und Lo\u0161inj am engsten aneinanderschmiegen, liegt die Kleinstadt Osor, die in der Antike ihren Augenblick des Ruhmes erlebte.<br \/>\nDank des gegrabenen Kanals (Cavata, Kavuada, Cavanella), der die Durchfahrt und Navigation von einem Meer ins andere erm\u00f6glichte, vollzog sich hier in der Vergangenheit der Haupttransitverkehr zwischen der Nordadria und der dalmatinischen K\u00fcste, was Osor zu einem internationalem Hafen machte.<br \/>\nDie Fundamente der Stadtmauer enth\u00fcllen die uralte Geschichte dieser Kleinstadt, deren Spuren in die Vorgeschichte bis zum 9. Jh. v. Chr. zur\u00fcckreichen. Der Name Osor\/Apsoros l\u00e4sst sich vom Namen des antiken Helden Apsyrtos, des Bruders der ungl\u00fccklichen Medea, ableiten, was dieser uralten Kleinstadt einen Hauch von Mystik verleiht.[\/vc_column_text][\/vc_column][\/vc_row][vc_row][vc_column]<div class=\"heading  default align-left color-black subcolor-main transform-default icon-type-default heading-tag-h2\" id=\"like_sc_header_1409279732\"><h2 class=\"header ltx-sr-id-like_sc_header_1409279732663539527 ltx-sr ltx-sr-effect-fade_in ltx-sr-el-block ltx-sr-delay-0 ltx-sr-duration-1000 ltx-sr-sequences-0\">Mali Lo\u0161inj<\/h2><\/div>[vc_column_text]<div id=\"metaslider-id-620\" style=\"width: 100%;\" class=\"ml-slider-3-27-13 metaslider metaslider-flex metaslider-620 ml-slider\">\n    <div id=\"metaslider_container_620\">\n        <div id=\"metaslider_620\">\n            <ul aria-live=\"polite\" class=\"slides\">\n                <li style=\"display: block; width: 100%;\" class=\"slide-628 ms-image\"><img src=\"https:\/\/villa-goga.hr\/wp-content\/uploads\/2020\/11\/00-lede-losinj-island-croatia-travel-guide-700x300.jpg\" height=\"300\" width=\"700\" alt=\"\" class=\"slider-620 slide-628\" title=\"00-lede-losinj-island-croatia-travel-guide\" \/><\/li>\n                <li style=\"display: none; width: 100%;\" class=\"slide-629 ms-image\"><img src=\"https:\/\/villa-goga.hr\/wp-content\/uploads\/2020\/11\/1_19702_04-700x300.jpg\" height=\"300\" width=\"700\" alt=\"\" class=\"slider-620 slide-629\" title=\"1_19702_04\" \/><\/li>\n                <li style=\"display: none; width: 100%;\" class=\"slide-630 ms-image\"><img src=\"https:\/\/villa-goga.hr\/wp-content\/uploads\/2020\/11\/cikat_bay-r-700x300.jpg\" height=\"300\" width=\"700\" alt=\"\" class=\"slider-620 slide-630\" title=\"cikat_bay-r\" \/><\/li>\n                <li style=\"display: none; width: 100%;\" class=\"slide-631 ms-image\"><img src=\"https:\/\/villa-goga.hr\/wp-content\/uploads\/2020\/11\/GettyImages-481199122_high-scaled-700x300.jpg\" height=\"300\" width=\"700\" alt=\"\" class=\"slider-620 slide-631\" title=\"GettyImages-481199122_high\" \/><\/li>\n                <li style=\"display: none; width: 100%;\" class=\"slide-632 ms-image\"><img src=\"https:\/\/villa-goga.hr\/wp-content\/uploads\/2020\/11\/image-scaled-700x300.jpg\" height=\"300\" width=\"700\" alt=\"\" class=\"slider-620 slide-632\" title=\"image\" \/><\/li>\n                <li style=\"display: none; width: 100%;\" class=\"slide-633 ms-image\"><img src=\"https:\/\/villa-goga.hr\/wp-content\/uploads\/2020\/11\/mali-losinj__iMZk1-700x300.jpeg\" height=\"300\" width=\"700\" alt=\"\" class=\"slider-620 slide-633\" title=\"mali-losinj__iMZk1\" \/><\/li>\n                <li style=\"display: none; width: 100%;\" class=\"slide-634 ms-image\"><img src=\"https:\/\/villa-goga.hr\/wp-content\/uploads\/2020\/11\/Mali-Losinj_shutterstock_708169291-700x300.jpg\" height=\"300\" width=\"700\" alt=\"\" class=\"slider-620 slide-634\" title=\"Mali-Losinj_shutterstock_708169291\" \/><\/li>\n            <\/ul>\n        <\/div>\n        \n    <\/div>\n<\/div>[\/vc_column_text][vc_column_text]<\/p>\n<header class=\"intro typ\">Die Stadt Mali Lo\u0161inj ist die gr\u00f6\u00dfte Siedlung auf der Insel, sie liegt an der S\u00fcdseite der Bucht von Lo\u0161inj und hat sich dank dieser Lage in der Vergangenheit zu einem bedeutsamen Seefahrt-und Handelszentrum und in der Gegenwart zu einem wichtigen Tourismuszentrum entwickelt.<\/header>\n<article class=\"content typ cf\">Mali Lo\u0161inj liegt in der gr\u00f6\u00dften gesch\u00fctzten Bucht dieses Archipels, der Augustus-Bucht. Heute ist die Stadt Mali Lo\u0161inj mit ihren 8116 Einwohnern die gr\u00f6\u00dfte Inselstadt an der Adria.Der Beginn von Mali Lo\u0161inj reicht ins 12. Jh. zur\u00fcck, als auf die Insel Lo\u0161inj zw\u00f6lf kroatische Familien kamen und sich in der \u00f6stlichen kleinen Bucht Sveti Martin niederlie\u00dfen. Die ersten kroatischen Siedler waren Viehz\u00fcchter und Ackerbauer. Sp\u00e4ter, als man auf Fischfang, Seefahrt und Schiffsbau \u00fcberging, verschob sich die ganze Ortschaft allm\u00e4hlich zur K\u00fcste. Das goldenen Zeitalter von Mali Lo\u0161inj war das ausgehende 19. Jh., als dank des Meeres und der Seefahrt das \u201eKleine Dorf\u201c zu einer kleinen Seefahrerstadt wurde.<\/p>\n<\/article>\n<p>[\/vc_column_text][\/vc_column][\/vc_row][vc_row][vc_column]<div class=\"heading  default align-left color-black subcolor-main transform-default icon-type-default heading-tag-h2\" id=\"like_sc_header_1224892339\"><h2 class=\"header ltx-sr-id-like_sc_header_1224892339632691907 ltx-sr ltx-sr-effect-fade_in ltx-sr-el-block ltx-sr-delay-0 ltx-sr-duration-1000 ltx-sr-sequences-0\">Veli Lo\u0161inj<\/h2><\/div>[vc_column_text]<div id=\"metaslider-id-636\" style=\"width: 100%;\" class=\"ml-slider-3-27-13 metaslider metaslider-flex metaslider-636 ml-slider\">\n    <div id=\"metaslider_container_636\">\n        <div id=\"metaslider_636\">\n            <ul aria-live=\"polite\" class=\"slides\">\n                <li style=\"display: block; width: 100%;\" class=\"slide-643 ms-image\"><img src=\"https:\/\/villa-goga.hr\/wp-content\/uploads\/2020\/11\/seamen-of-veli-losinj-636995557662979358_1600_900-700x300.jpeg\" height=\"300\" width=\"700\" alt=\"\" class=\"slider-636 slide-643\" title=\"seamen-of-veli-losinj-636995557662979358_1600_900\" \/><\/li>\n                <li style=\"display: none; width: 100%;\" class=\"slide-644 ms-image\"><img src=\"https:\/\/villa-goga.hr\/wp-content\/uploads\/2020\/11\/shutterstock_100659223-scaled-700x300.jpg\" height=\"300\" width=\"700\" alt=\"\" class=\"slider-636 slide-644\" title=\"shutterstock_100659223\" \/><\/li>\n                <li style=\"display: none; width: 100%;\" class=\"slide-645 ms-image\"><img src=\"https:\/\/villa-goga.hr\/wp-content\/uploads\/2020\/11\/veli_losinj_1704-700x300.jpg\" height=\"300\" width=\"700\" alt=\"\" class=\"slider-636 slide-645\" title=\"veli_losinj_1704\" \/><\/li>\n                <li style=\"display: none; width: 100%;\" class=\"slide-646 ms-image\"><img src=\"https:\/\/villa-goga.hr\/wp-content\/uploads\/2020\/11\/Veli-Losinj-700x300.jpg\" height=\"300\" width=\"700\" alt=\"\" class=\"slider-636 slide-646\" title=\"Veli-Losinj\" \/><\/li>\n                <li style=\"display: none; width: 100%;\" class=\"slide-647 ms-image\"><img src=\"https:\/\/villa-goga.hr\/wp-content\/uploads\/2020\/11\/veli-losinj-636322893834805219_1600_900-700x300.jpeg\" height=\"300\" width=\"700\" alt=\"\" class=\"slider-636 slide-647\" title=\"veli-losinj-636322893834805219_1600_900\" \/><\/li>\n                <li style=\"display: none; width: 100%;\" class=\"slide-648 ms-image\"><img src=\"https:\/\/villa-goga.hr\/wp-content\/uploads\/2020\/11\/veli-losinj-ivo-biocina-1-700x300.jpg\" height=\"300\" width=\"700\" alt=\"\" class=\"slider-636 slide-648\" title=\"veli-losinj-ivo-biocina-1\" \/><\/li>\n            <\/ul>\n        <\/div>\n        \n    <\/div>\n<\/div>[\/vc_column_text][vc_column_text]Veli Lo\u0161inj liegt in einer schmalen Bucht an der S\u00fcdostseite der Insel Lo\u0161inj, am Fu\u00dfe des Berges St. Ivan. Hohe H\u00e4user in der ersten Reihe um den Hafen sowie zahlreiche pr\u00e4chtige Villen mit reizenden G\u00e4rten sind die Hauptmerkmale dieser sch\u00f6nen Kleinstadt, die mit ihren 1000 Einwohnern die zweitgr\u00f6\u00dfte Siedlung auf der Insel ist.<br \/>\nInteressanterweise war Veli Lo\u0161inj (Velo selo \u2014 dt. Gro\u00dfdorf) einst gr\u00f6\u00dfer als Mali Lo\u0161inj (Malo selo \u2014 dt. Kleindorf), doch im Laufe der Geschichte hat sich Mali Lo\u0161inj schneller entwickelt, so dass heute die Lage umgekehrt ist, doch die alten Ortsnamen sind bis heute erhalten geblieben.<\/p>\n<p>In den engen Gassen von Veli Lo\u0161inj sieht man durch die Haustore die pr\u00e4chtigen Villen der einstigen Kapit\u00e4ne, Reeder und Magnate. In den G\u00e4rten dieser Villen gedeiht eine Sammlung aus 80 verschiedenen Pflanzenarten, w\u00e4hrend der Park von Veli Lo\u0161inj vor dem heutigen Kurhaus, der einstigen Residenz des Erzherzogs Karl Stephan von Habsburg-Lothringen, sogar mehr als 200 botanische Arten z\u00e4hlt.[\/vc_column_text][\/vc_column][\/vc_row]<\/p>\n","protected":false},"excerpt":{"rendered":"<p>[vc_row][vc_column][vc_column_text][\/vc_column_text][vc_column_text]Die Stadt Cres befindet sich im nord-\u00f6stlichen Teil der ger\u00e4umigen und ausgezeichnet gesch\u00fctzten Bucht, welche schon seit eh und je eine gute Sturmdeckung bot. Wegen dieser g\u00fcnstigen Lage und Winddeckung wurde s\u00fcdlich der Stadt eine moderne Marine mit viel Anlegem\u00f6glichkeit gebaut. Die Bucht ist reich an Str\u00e4nden und Badem\u00f6glichkeiten \u2013 die n\u00e4chsten Str\u00e4nde sind nur einige Minuten vom Stadtzentrum zu Fu\u00df entfernt. Die Lage erm\u00f6glichte durch die Geschichte die Entwicklung von Fischerei, Schiffbau und Schifffahrt. Der fruchtgebende Boden um die Stadt herum erlaubt den Olivenanbau mit Oliven der Spitzenklasse, woraus das ber\u00fchmte Oliven\u00f6l von Cres gewonnen wird.[\/vc_column_text][\/vc_column][\/vc_row][vc_row][vc_column][vc_column_text][\/vc_column_text][vc_column_text] Lubenice thront auf einem 378 m \u00fcber dem Meer hohen Fels. Im Mittelalter war Lubenice das Zentrum des Archipels und geostrategisch sehr wichtig. Im Ort findet man eine mittelalterliche Festung, Reste der mittelalterlichen Stadtmauer und Stadttor. Viele kleinen Kirchen ebenfalls; der Hl. Sonntag, die gotische Kirche des Hl. Antons Eremit, Pfarrkirche der Hl. [&hellip;]<\/p>\n","protected":false},"author":1,"featured_media":710,"parent":0,"menu_order":0,"comment_status":"closed","ping_status":"closed","template":"","meta":[],"_links":{"self":[{"href":"https:\/\/villa-goga.hr\/de\/wp-json\/wp\/v2\/pages\/726"}],"collection":[{"href":"https:\/\/villa-goga.hr\/de\/wp-json\/wp\/v2\/pages"}],"about":[{"href":"https:\/\/villa-goga.hr\/de\/wp-json\/wp\/v2\/types\/page"}],"author":[{"embeddable":true,"href":"https:\/\/villa-goga.hr\/de\/wp-json\/wp\/v2\/users\/1"}],"replies":[{"embeddable":true,"href":"https:\/\/villa-goga.hr\/de\/wp-json\/wp\/v2\/comments?post=726"}],"version-history":[{"count":2,"href":"https:\/\/villa-goga.hr\/de\/wp-json\/wp\/v2\/pages\/726\/revisions"}],"predecessor-version":[{"id":729,"href":"https:\/\/villa-goga.hr\/de\/wp-json\/wp\/v2\/pages\/726\/revisions\/729"}],"wp:featuredmedia":[{"embeddable":true,"href":"https:\/\/villa-goga.hr\/de\/wp-json\/wp\/v2\/media\/710"}],"wp:attachment":[{"href":"https:\/\/villa-goga.hr\/de\/wp-json\/wp\/v2\/media?parent=726"}],"curies":[{"name":"wp","href":"https:\/\/api.w.org\/{rel}","templated":true}]}}