{"id":722,"date":"2020-11-25T22:11:01","date_gmt":"2020-11-25T22:11:01","guid":{"rendered":"https:\/\/villa-goga.hr\/places\/"},"modified":"2020-12-15T22:35:05","modified_gmt":"2020-12-15T22:35:05","slug":"mjesta","status":"publish","type":"page","link":"https:\/\/villa-goga.hr\/hr\/mjesta\/","title":{"rendered":"Mjesta"},"content":{"rendered":"<p>[vc_row][vc_column]<div class=\"heading  default align-left color-black subcolor-main transform-default icon-type-default heading-tag-h2\" id=\"like_sc_header_1481594842\"><h2 class=\"header ltx-sr-id-like_sc_header_14815948421970487822 ltx-sr ltx-sr-effect-fade_in ltx-sr-el-block ltx-sr-delay-0 ltx-sr-duration-1000 ltx-sr-sequences-0\">Cres<\/h2><\/div>[vc_column_text]<div id=\"metaslider-id-381\" style=\"width: 100%;\" class=\"ml-slider-3-27-13 metaslider metaslider-flex metaslider-381 ml-slider\">\n    <div id=\"metaslider_container_381\">\n        <div id=\"metaslider_381\">\n            <ul aria-live=\"polite\" class=\"slides\">\n                <li style=\"display: block; width: 100%;\" class=\"slide-388 ms-image\"><img src=\"https:\/\/villa-goga.hr\/wp-content\/uploads\/2020\/12\/cres-scaled-700x300.jpg\" height=\"300\" width=\"700\" alt=\"\" class=\"slider-381 slide-388\" title=\"cres\" \/><\/li>\n                <li style=\"display: none; width: 100%;\" class=\"slide-389 ms-image\"><img src=\"https:\/\/villa-goga.hr\/wp-content\/uploads\/2020\/12\/4045467-1200x675-1-700x300.jpg\" height=\"300\" width=\"700\" alt=\"\" class=\"slider-381 slide-389\" title=\"4045467-1200x675\" \/><\/li>\n                <li style=\"display: none; width: 100%;\" class=\"slide-390 ms-image\"><img src=\"https:\/\/villa-goga.hr\/wp-content\/uploads\/2020\/12\/cres_1702-700x300.jpg\" height=\"300\" width=\"700\" alt=\"\" class=\"slider-381 slide-390\" title=\"cres_1702\" \/><\/li>\n                <li style=\"display: none; width: 100%;\" class=\"slide-391 ms-image\"><img src=\"https:\/\/villa-goga.hr\/wp-content\/uploads\/2020\/12\/Cres-Cres1-700x300.jpg\" height=\"300\" width=\"700\" alt=\"\" class=\"slider-381 slide-391\" title=\"Cres-Cres1\" \/><\/li>\n                <li style=\"display: none; width: 100%;\" class=\"slide-392 ms-image\"><img src=\"https:\/\/villa-goga.hr\/wp-content\/uploads\/2020\/12\/cres-ivo-biocina_2-700x300.jpg\" height=\"300\" width=\"700\" alt=\"\" class=\"slider-381 slide-392\" title=\"cres-ivo-biocina_2\" \/><\/li>\n            <\/ul>\n        <\/div>\n        \n    <\/div>\n<\/div>[\/vc_column_text][vc_column_text]Na otoku Cresu, uz grad Cres, nalaze se brojna druga naselja od kojih su neka smje\u0161tena uz samu obalu, dok se druga nalaze na vi\u0161im predjelima.<\/p>\n<p>Obalna naselja obiluju prekrasnim uvalicama, osamljenim pla\u017eama i \u010distim morem. Mjesta\u0161ca koja se ne nalaze na samoj obali imaju velik broj \u0161etnica, pje\u0161a\u010dkih staza i planinarskih puteva koji vode do skrovitih uvala otoka.<\/p>\n<p>Ve\u0107ina naselja datira jo\u0161 iz kamenog doba. Kontinuitet \u017eivota na otoku predstavlja bogato povijesno i kulturno naslijede, od niza liburnijskih gradina, ostataka antickih gradova, ranokatolickih crkvica razasutih po otoku, samostana i ostataka gradskih ba\u0161tina venecijanskog razdoblja do spomenika dana\u0161njice.[\/vc_column_text][\/vc_column][\/vc_row][vc_row][vc_column]<div class=\"heading  default align-left color-black subcolor-main transform-default icon-type-default heading-tag-h2\" id=\"like_sc_header_1613868916\"><h2 class=\"header ltx-sr-id-like_sc_header_16138689161137268006 ltx-sr ltx-sr-effect-fade_in ltx-sr-el-block ltx-sr-delay-0 ltx-sr-duration-1000 ltx-sr-sequences-0\">Lubenice<\/h2><\/div>[vc_column_text]<div id=\"metaslider-id-397\" style=\"width: 100%;\" class=\"ml-slider-3-27-13 metaslider metaslider-flex metaslider-397 ml-slider\">\n    <div id=\"metaslider_container_397\">\n        <div id=\"metaslider_397\">\n            <ul aria-live=\"polite\" class=\"slides\">\n                <li style=\"display: block; width: 100%;\" class=\"slide-402 ms-image\"><img src=\"https:\/\/villa-goga.hr\/wp-content\/uploads\/2020\/11\/01-CRES-LUBENICE-Sveti-Ivan-D85_8141_ACR-aleksandar-gospic-700x300.jpg\" height=\"300\" width=\"700\" alt=\"\" class=\"slider-397 slide-402\" title=\"01-CRES-LUBENICE-Sveti-Ivan-D85_8141_ACR-aleksandar-gospic\" \/><\/li>\n                <li style=\"display: none; width: 100%;\" class=\"slide-403 ms-image\"><img src=\"https:\/\/villa-goga.hr\/wp-content\/uploads\/2020\/11\/kroatien-lubenice-gilt-ohne-hotels-und-restaurants-dafucc88r-aber-mit-friedlicher-idylle-und-herrlicher-aussicht-als-absoluter-geheimtipp-auf-der-insel-cres-kroatien-sinisa-botas-shutters-scaled-700x300.jpg\" height=\"300\" width=\"700\" alt=\"\" class=\"slider-397 slide-403\" title=\"Lubenice gilt ohne Hotels und Restaurants, daf\u00fcr aber mit friedlicher Idylle und herrlicher Aussicht als absoluter Geheimtipp auf der Insel Cres, Kroatien\" \/><\/li>\n                <li style=\"display: none; width: 100%;\" class=\"slide-404 ms-image\"><img src=\"https:\/\/villa-goga.hr\/wp-content\/uploads\/2020\/11\/lubenice1_irena_trkulja-700x300.jpg\" height=\"300\" width=\"700\" alt=\"\" class=\"slider-397 slide-404\" title=\"lubenice1_irena_trkulja\" \/><\/li>\n                <li style=\"display: none; width: 100%;\" class=\"slide-405 ms-image\"><img src=\"https:\/\/villa-goga.hr\/wp-content\/uploads\/2020\/11\/maxresdefault-700x300.jpg\" height=\"300\" width=\"700\" alt=\"\" class=\"slider-397 slide-405\" title=\"maxresdefault\" \/><\/li>\n            <\/ul>\n        <\/div>\n        \n    <\/div>\n<\/div>[\/vc_column_text][vc_column_text]Lubenice su malo mjesto na otoku Cresu, smje\u0161tene na vrhu litice 378 metara nad morem. U srednjem vijeku mjesto je bilo jedno od sredi\u0161ta arhipelaga koje je imalo geostrate\u0161ki zna\u010daj.<\/p>\n<p>U mjestu se nalazi srednjovjekovna utvrda te ostaci srednjovjekovnog gradskog zida i gradska vrata. Uz stari trg, u Lubenicama se nalaze i brojne crkvice: crkvica Sv. Nedjelja, goti\u010dka crkvica Sv. Antuna Pustinjaka, \u017eupna crkva Bla\u017eene Djevice Marije sa zvonikom iz 18 st, crkvica Sv. Jakova.<\/p>\n<p>Mjesto je ovalna oblika, a kroz njega, u smjeru jug-sjever prolaze dvije usporedne krivudave uli\u010dice. Ulice i ostali odvojci u Lubenicama nemaju imena, a ku\u0107e imaju samo brojeve od jedan do \u010detrdeset i dva. U Lubenicama postoji \u0161kola, no kako u mjestu ne \u017eivi nitko mla\u0111i od 65 godina, za \u0161kolom nema potrebe.[\/vc_column_text][\/vc_column][\/vc_row][vc_row][vc_column]<div class=\"heading  default align-left color-black subcolor-main transform-default icon-type-default heading-tag-h2\" id=\"like_sc_header_100885279\"><h2 class=\"header ltx-sr-id-like_sc_header_100885279364172125 ltx-sr ltx-sr-effect-fade_in ltx-sr-el-block ltx-sr-delay-0 ltx-sr-duration-1000 ltx-sr-sequences-0\">Beli<\/h2><\/div>[vc_column_text]<div id=\"metaslider-id-407\" style=\"width: 100%;\" class=\"ml-slider-3-27-13 metaslider metaslider-flex metaslider-407 ml-slider\">\n    <div id=\"metaslider_container_407\">\n        <div id=\"metaslider_407\">\n            <ul aria-live=\"polite\" class=\"slides\">\n                <li style=\"display: block; width: 100%;\" class=\"slide-414 ms-image\"><img src=\"https:\/\/villa-goga.hr\/wp-content\/uploads\/2020\/11\/99520981-labyrinth-made-of-white-stones-on-a-green-meadow-near-beli-cres-croatia-on-a-sunny-day-in-spring-450x192.jpg\" height=\"300\" width=\"700\" alt=\"\" class=\"slider-407 slide-414\" title=\"99520981-labyrinth-made-of-white-stones-on-a-green-meadow-near-beli-cres-croatia-on-a-sunny-day-in-spring\" \/><\/li>\n                <li style=\"display: none; width: 100%;\" class=\"slide-415 ms-image\"><img src=\"https:\/\/villa-goga.hr\/wp-content\/uploads\/2020\/11\/264096409-700x300.jpg\" height=\"300\" width=\"700\" alt=\"\" class=\"slider-407 slide-415\" title=\"264096409\" \/><\/li>\n                <li style=\"display: none; width: 100%;\" class=\"slide-416 ms-image\"><img src=\"https:\/\/villa-goga.hr\/wp-content\/uploads\/2020\/11\/Beli_Cres_Croatia-700x300.jpg\" height=\"300\" width=\"700\" alt=\"\" class=\"slider-407 slide-416\" title=\"Beli,_Cres,_Croatia\" \/><\/li>\n                <li style=\"display: none; width: 100%;\" class=\"slide-417 ms-image\"><img src=\"https:\/\/villa-goga.hr\/wp-content\/uploads\/2020\/11\/beli_zjRYfR-700x300.jpg\" height=\"300\" width=\"700\" alt=\"\" class=\"slider-407 slide-417\" title=\"beli_zjRYfR\" \/><\/li>\n                <li style=\"display: none; width: 100%;\" class=\"slide-418 ms-image\"><img src=\"https:\/\/villa-goga.hr\/wp-content\/uploads\/2020\/11\/kroatien-die-winzige-ortschaft-beli-im-norden-der-insel-cres-lockt-kroatien-urlauber-vor-allem-mit-seiner-himmlischen-ruhe-und-fantastischen-aussicht-ucc88ber-die-adria-howardponneso-shutte-scaled-700x300.jpg\" height=\"300\" width=\"700\" alt=\"\" class=\"slider-407 slide-418\" title=\"Die winzige Ortschaft Beli im Norden der Insel Cres lockt Kroatien-Urlauber vor allem mit seiner himmlischen Ruhe und fantastischen Aussicht \u00fcber die Adria\" \/><\/li>\n                <li style=\"display: none; width: 100%;\" class=\"slide-419 ms-image\"><img src=\"https:\/\/villa-goga.hr\/wp-content\/uploads\/2020\/11\/maxresdefault-1-700x300.jpg\" height=\"300\" width=\"700\" alt=\"\" class=\"slider-407 slide-419\" title=\"maxresdefault\" \/><\/li>\n            <\/ul>\n        <\/div>\n        \n    <\/div>\n<\/div>[\/vc_column_text][vc_column_text]<\/p>\n<header>\n<div class=\"summary\">\n<p>Beli je jedno od najstarijih i u pro\u0161losti najva\u017enijih creskih naselja.<\/p>\n<\/div>\n<\/header>\n<section><\/section>\n<p>Beli je osnovan prije 4.000 godina. Na toj podru\u010dju prona\u0111eni su ostatci prethistorijskih gradina i debelih suhozida a \u017eupa je osnovana prije to\u010dno 1.000 godina (1018 godina)<br \/>\nIliri su bili prvi za sad poznati stanovnici Belog \u010dijih tragova ima po cijeloj Tramuntani. Naselje se najvi\u0161e razvija u doba Rimskog carstva jer ovdje grade jednu od svojih utvrda za kontrolu pomorskog prolaza izme\u0111u Cresa i Krka. Tada se Beli zvao Caput Insulae \u0161to zna\u010di Glava otoka. Caput Insulae spadao je u one gradove koji su u okviru Rimskog carstva imali potpunu autonomiju i nosili naslov republike.<\/p>\n<p>Mjesto Beli turisti\u010dki je orijentirano za obiteljski i kamping turizam s lijepom \u0161ljunkovitom pla\u017eom i dobro za\u0161ti\u0107enom lu\u010dicom. Tako\u0111er, iskazuje se kao ishodi\u0161te za duga\u010dke \u0161etnje po prirodi predivnih \u0161umovitih predjela Tramontane.<\/p>\n<p>U Belom se nalazi &#8220;Centar za posjetitelje i Oporavili\u0161te za bjeloglave supove Beli&#8221; u sklopu kojeg je otvoren interpretacijski centar s nekoliko stalnih izlo\u017ebenih postava, a to su biolo\u0161ka raznolikost cresko &#8211; lo\u0161injskog oto\u010dja, pri\u010de o bjeloglavim supovima pod naslovom \u201e\u017delite li stvarnost ili mit?\u201c te povijest i ekolo\u0161ka ba\u0161tina \u0161ume Tramuntane. Ujedno provode integralnu za\u0161titu bjeloglavih supova.(<a href=\"http:\/\/www.ju-priroda.hr\/supovi.shtml\">http:\/\/www.ju-priroda.hr\/supovi.shtml<\/a>)[\/vc_column_text][\/vc_column][\/vc_row][vc_row][vc_column]<div class=\"heading  default align-left color-black subcolor-main transform-default icon-type-default heading-tag-h2\" id=\"like_sc_header_705387279\"><h2 class=\"header ltx-sr-id-like_sc_header_705387279952797309 ltx-sr ltx-sr-effect-fade_in ltx-sr-el-block ltx-sr-delay-0 ltx-sr-duration-1000 ltx-sr-sequences-0\">Valun<\/h2><\/div>[vc_column_text]<div id=\"metaslider-id-421\" style=\"width: 100%;\" class=\"ml-slider-3-27-13 metaslider metaslider-flex metaslider-421 ml-slider\">\n    <div id=\"metaslider_container_421\">\n        <div id=\"metaslider_421\">\n            <ul aria-live=\"polite\" class=\"slides\">\n                <li style=\"display: block; width: 100%;\" class=\"slide-429 ms-image\"><img src=\"https:\/\/villa-goga.hr\/wp-content\/uploads\/2020\/11\/2662dabd2e0f5ecf5fc76d931ee4f546-700x300.jpg\" height=\"300\" width=\"700\" alt=\"\" class=\"slider-421 slide-429\" title=\"2662dabd2e0f5ecf5fc76d931ee4f546\" \/><\/li>\n                <li style=\"display: none; width: 100%;\" class=\"slide-430 ms-image\"><img src=\"https:\/\/villa-goga.hr\/wp-content\/uploads\/2020\/11\/cres-valun-beach-1-l-700x300.jpg\" height=\"300\" width=\"700\" alt=\"\" class=\"slider-421 slide-430\" title=\"cres-valun-beach-1-l\" \/><\/li>\n                <li style=\"display: none; width: 100%;\" class=\"slide-431 ms-image\"><img src=\"https:\/\/villa-goga.hr\/wp-content\/uploads\/2020\/11\/fb8829e41feb69b673a27fb2706035716c2bafe3d79ea2433ede01b0f0129197-scaled-700x300.jpg\" height=\"300\" width=\"700\" alt=\"\" class=\"slider-421 slide-431\" title=\"fb8829e41feb69b673a27fb2706035716c2bafe3d79ea2433ede01b0f0129197\" \/><\/li>\n                <li style=\"display: none; width: 100%;\" class=\"slide-432 ms-image\"><img src=\"https:\/\/villa-goga.hr\/wp-content\/uploads\/2020\/11\/plaza-valun-cres-700x300.jpg\" height=\"300\" width=\"700\" alt=\"\" class=\"slider-421 slide-432\" title=\"plaza-valun-cres\" \/><\/li>\n                <li style=\"display: none; width: 100%;\" class=\"slide-433 ms-image\"><img src=\"https:\/\/villa-goga.hr\/wp-content\/uploads\/2020\/11\/Valun_11-700x300.jpg\" height=\"300\" width=\"700\" alt=\"\" class=\"slider-421 slide-433\" title=\"Valun_11\" \/><\/li>\n                <li style=\"display: none; width: 100%;\" class=\"slide-434 ms-image\"><img src=\"https:\/\/villa-goga.hr\/wp-content\/uploads\/2020\/11\/Valun-cres-1-700x300.jpg\" height=\"300\" width=\"700\" alt=\"\" class=\"slider-421 slide-434\" title=\"Valun-cres\" \/><\/li>\n            <\/ul>\n        <\/div>\n        \n    <\/div>\n<\/div>[\/vc_column_text][vc_column_text]<\/p>\n<header>\n<div class=\"summary\">\n<p>Valun je malo slikovito primorsko naselje ribara i te\u017eaka koje se smjestilo izme\u0111u dvije prekrasne \u0161ljunkovite pla\u017ee ju\u017eno od grada Cresa.<\/p>\n<\/div>\n<\/header>\n<section><\/section>\n<p>Nastao je kao luka starog naselja Bu\u0107ev, \u010diji su ostaci na\u0111eni kod crkve sv. Marka.<\/p>\n<p>U crkvi sv. Marka prona\u0111ena je Valunska plo\u010da iz 11. st., jedan od najstarijih glagoljskih spomenika koji se danas \u010duva u \u017eupnoj crkvi u Valunu. Uz crkvu Sv. Marka i &#8220;Valunsku plo\u010du&#8221; iz 11. st. zanimljivo je vidjeti Glagoljski lapidarij smje\u0161ten na terasi dana\u0161njeg restorana koji pokazuje kopije najstarijih glagoljskih natpisa iz Istre, Kvarnera i Dalmacije.<\/p>\n<div id=\"contentWrapper\">\n<div id=\"contentBox\">\n<article>\n<div class=\"entry\">\n<section>Tako\u0111er je poznat po gastronomskim specijalitetima, prvenstveno ribljim.<\/section>\n<\/div>\n<\/article>\n<\/div>\n<\/div>\n<p>[\/vc_column_text][\/vc_column][\/vc_row][vc_row][vc_column]<div class=\"heading  default align-left color-black subcolor-main transform-default icon-type-default heading-tag-h2\" id=\"like_sc_header_1210659194\"><h2 class=\"header ltx-sr-id-like_sc_header_121065919453952523 ltx-sr ltx-sr-effect-fade_in ltx-sr-el-block ltx-sr-delay-0 ltx-sr-duration-1000 ltx-sr-sequences-0\">Martin\u0161\u0107ica<\/h2><\/div>[vc_column_text]<div id=\"metaslider-id-437\" style=\"width: 100%;\" class=\"ml-slider-3-27-13 metaslider metaslider-flex metaslider-437 ml-slider\">\n    <div id=\"metaslider_container_437\">\n        <div id=\"metaslider_437\">\n            <ul aria-live=\"polite\" class=\"slides\">\n                <li style=\"display: block; width: 100%;\" class=\"slide-444 ms-image\"><img src=\"https:\/\/villa-goga.hr\/wp-content\/uploads\/2020\/11\/1-martinscica01_2017-08-24-700x300.jpg\" height=\"300\" width=\"700\" alt=\"\" class=\"slider-437 slide-444\" title=\"1-martinscica01_2017-08-24\" \/><\/li>\n                <li style=\"display: none; width: 100%;\" class=\"slide-445 ms-image\"><img src=\"https:\/\/villa-goga.hr\/wp-content\/uploads\/2020\/11\/41300-700x300.jpg\" height=\"300\" width=\"700\" alt=\"\" class=\"slider-437 slide-445\" title=\"41300\" \/><\/li>\n                <li style=\"display: none; width: 100%;\" class=\"slide-446 ms-image\"><img src=\"https:\/\/villa-goga.hr\/wp-content\/uploads\/2020\/11\/138385513-700x300.jpg\" height=\"300\" width=\"700\" alt=\"\" class=\"slider-437 slide-446\" title=\"138385513\" \/><\/li>\n                <li style=\"display: none; width: 100%;\" class=\"slide-447 ms-image\"><img src=\"https:\/\/villa-goga.hr\/wp-content\/uploads\/2020\/11\/1461659955_martinscica1_jpg-700x300.jpg\" height=\"300\" width=\"700\" alt=\"\" class=\"slider-437 slide-447\" title=\"1461659955_martinscica1_jpg\" \/><\/li>\n                <li style=\"display: none; width: 100%;\" class=\"slide-448 ms-image\"><img src=\"https:\/\/villa-goga.hr\/wp-content\/uploads\/2020\/11\/1472203850_m1-700x300.jpg\" height=\"300\" width=\"700\" alt=\"\" class=\"slider-437 slide-448\" title=\"1472203850_m1\" \/><\/li>\n                <li style=\"display: none; width: 100%;\" class=\"slide-449 ms-image\"><img src=\"https:\/\/villa-goga.hr\/wp-content\/uploads\/2020\/11\/martinscica02-700x300.jpg\" height=\"300\" width=\"700\" alt=\"\" class=\"slider-437 slide-449\" title=\"DCIM100GOPROG0015127.\" \/><div class=\"caption-wrap\"><div class=\"caption\">DCIM100GOPROG0015127.<\/div><\/div><\/li>\n            <\/ul>\n        <\/div>\n        \n    <\/div>\n<\/div>[\/vc_column_text][vc_column_text]<\/p>\n<header>\n<div class=\"summary\">\n<header>\n<div class=\"summary\">\n<p>Martin\u0161\u0107ica je naselje koje se nalazi u prostranom zaljevu na zapadnoj obali otoka Cresa i drugo je mjesto po veli\u010dini na otoku.<\/p>\n<\/div>\n<\/header>\n<section>Ime potje\u010de od srednjovjekovne crkve Sv. Martina koji je ujedno i svetac za\u0161titnik Martin\u0161\u0107ice.Mjesto je ure\u0111eno s mnogo mediteranskog raslinja. Orijentiralo se isklju\u010divo na obiteljski i kamping turizam. Uz prelijepe pla\u017ee sjeverno od naselja u netaknutoj prirodi pru\u017eaju se velike mogu\u0107nosti za kvalitetan i aktivan boravak i odmor. Osim samog mjesta, u&nbsp;blizini Martin\u0161\u010dice, nalaze se i turisti\u010dki zanimljiva odredi\u0161ta Mihola\u0161\u0107ica, Stivan i Vidovi\u0107i.<\/p>\n<p>Na bre\u017euljcima u okolici mjesta, nalaze se prapovijesne gradine, ru\u0161evine romani\u010dke crkve Sv. Kristofora, fragmenti goti\u010dke crkve Sv. Kuzme i Damjana. U uvalama uz more mogu se vidjeti tragovi anti\u010dkih vila.<\/p>\n<\/section>\n<\/div>\n<\/header>\n<p>[\/vc_column_text][\/vc_column][\/vc_row][vc_row][vc_column]<div class=\"heading  default align-left color-black subcolor-main transform-default icon-type-default heading-tag-h2\" id=\"like_sc_header_443276096\"><h2 class=\"header ltx-sr-id-like_sc_header_4432760961482163553 ltx-sr ltx-sr-effect-fade_in ltx-sr-el-block ltx-sr-delay-0 ltx-sr-duration-1000 ltx-sr-sequences-0\">Osor<\/h2><\/div>[vc_column_text]<div id=\"metaslider-id-608\" style=\"width: 100%;\" class=\"ml-slider-3-27-13 metaslider metaslider-flex metaslider-608 ml-slider\">\n    <div id=\"metaslider_container_608\">\n        <div id=\"metaslider_608\">\n            <ul aria-live=\"polite\" class=\"slides\">\n                <li style=\"display: block; width: 100%;\" class=\"slide-614 ms-image\"><img src=\"https:\/\/villa-goga.hr\/wp-content\/uploads\/2020\/11\/osor-636319432315948645_1600_900-700x300.jpeg\" height=\"300\" width=\"700\" alt=\"\" class=\"slider-608 slide-614\" title=\"osor-636319432315948645_1600_900\" \/><\/li>\n                <li style=\"display: none; width: 100%;\" class=\"slide-615 ms-image\"><img src=\"https:\/\/villa-goga.hr\/wp-content\/uploads\/2020\/11\/osor-636319432433292386_1600_900-700x300.jpeg\" height=\"300\" width=\"700\" alt=\"\" class=\"slider-608 slide-615\" title=\"osor-636319432433292386_1600_900\" \/><\/li>\n                <li style=\"display: none; width: 100%;\" class=\"slide-616 ms-image\"><img src=\"https:\/\/villa-goga.hr\/wp-content\/uploads\/2020\/11\/osor-636319432475479904_1600_900-700x300.jpeg\" height=\"300\" width=\"700\" alt=\"\" class=\"slider-608 slide-616\" title=\"osor-636319432475479904_1600_900\" \/><\/li>\n                <li style=\"display: none; width: 100%;\" class=\"slide-617 ms-image\"><img src=\"https:\/\/villa-goga.hr\/wp-content\/uploads\/2020\/11\/osor-636536950701785710_1600_900-1-700x300.jpeg\" height=\"300\" width=\"700\" alt=\"\" class=\"slider-608 slide-617\" title=\"osor-636536950701785710_1600_900 (1)\" \/><\/li>\n                <li style=\"display: none; width: 100%;\" class=\"slide-618 ms-image\"><img src=\"https:\/\/villa-goga.hr\/wp-content\/uploads\/2020\/11\/osor-636536950701785710_1600_900-700x300.jpeg\" height=\"300\" width=\"700\" alt=\"\" class=\"slider-608 slide-618\" title=\"osor-636536950701785710_1600_900\" \/><\/li>\n            <\/ul>\n        <\/div>\n        \n    <\/div>\n<\/div>[\/vc_column_text][vc_column_text]Na mjestu gdje su se otok Lo\u0161inj i Cres najvi\u0161e priljubili smjestio se gradi\u0107 koji je u anti\u010dka vremena do\u017eivio svoj trenutak slave, a danas je zapravo muzej na otvorenom.<br \/>\nZahvaljuju\u0107i prokopanom kanalu (Cavata, Kavuada, Cavanella), koji je omogu\u0107avao prolaz i plovidbu iz jednog mora u drugo, ovdje se u pro\u0161losti odvijao glavni tranzitni promet izme\u0111u Sjevernog Jadrana i dalmatinske obale, \u0161to je od Osora u\u010dinilo internacionalnu luku. Temelji gradskih zidina otkrivaju drevnu povijest \u010diji tragovi se\u017eu u pretpovijest do IX. st. prije Krista, a ime gradi\u0107a, Osor \u2013 Apsoros za koje se smatra da potje\u010de od imena anti\u010dkog junaka Apsirta, brata nesretne Medeje, \u010dini ovaj starodrevni gradi\u0107 mitskim.<\/p>\n<p>Anti\u010dki gradski trg na kojemu se nalaze prekrasne zgrade iz XV. i XVI. st., gradska vije\u0107nica s natkrivenom lo\u017eom (danas Arheolo\u0161ka zbirka Osor &#8211; Lo\u0161injski muzej), biskupska pala\u010da te velebna katedrala sa zvonikom sa\u010dinjavaju povijesnu jezgru grada.[\/vc_column_text][\/vc_column][\/vc_row][vc_row][vc_column]<div class=\"heading  default align-left color-black subcolor-main transform-default icon-type-default heading-tag-h2\" id=\"like_sc_header_768690849\"><h2 class=\"header ltx-sr-id-like_sc_header_768690849500560661 ltx-sr ltx-sr-effect-fade_in ltx-sr-el-block ltx-sr-delay-0 ltx-sr-duration-1000 ltx-sr-sequences-0\">Mali Lo\u0161inj<\/h2><\/div>[vc_column_text]<div id=\"metaslider-id-620\" style=\"width: 100%;\" class=\"ml-slider-3-27-13 metaslider metaslider-flex metaslider-620 ml-slider\">\n    <div id=\"metaslider_container_620\">\n        <div id=\"metaslider_620\">\n            <ul aria-live=\"polite\" class=\"slides\">\n                <li style=\"display: block; width: 100%;\" class=\"slide-628 ms-image\"><img src=\"https:\/\/villa-goga.hr\/wp-content\/uploads\/2020\/11\/00-lede-losinj-island-croatia-travel-guide-700x300.jpg\" height=\"300\" width=\"700\" alt=\"\" class=\"slider-620 slide-628\" title=\"00-lede-losinj-island-croatia-travel-guide\" \/><\/li>\n                <li style=\"display: none; width: 100%;\" class=\"slide-629 ms-image\"><img src=\"https:\/\/villa-goga.hr\/wp-content\/uploads\/2020\/11\/1_19702_04-700x300.jpg\" height=\"300\" width=\"700\" alt=\"\" class=\"slider-620 slide-629\" title=\"1_19702_04\" \/><\/li>\n                <li style=\"display: none; width: 100%;\" class=\"slide-630 ms-image\"><img src=\"https:\/\/villa-goga.hr\/wp-content\/uploads\/2020\/11\/cikat_bay-r-700x300.jpg\" height=\"300\" width=\"700\" alt=\"\" class=\"slider-620 slide-630\" title=\"cikat_bay-r\" \/><\/li>\n                <li style=\"display: none; width: 100%;\" class=\"slide-631 ms-image\"><img src=\"https:\/\/villa-goga.hr\/wp-content\/uploads\/2020\/11\/GettyImages-481199122_high-scaled-700x300.jpg\" height=\"300\" width=\"700\" alt=\"\" class=\"slider-620 slide-631\" title=\"GettyImages-481199122_high\" \/><\/li>\n                <li style=\"display: none; width: 100%;\" class=\"slide-632 ms-image\"><img src=\"https:\/\/villa-goga.hr\/wp-content\/uploads\/2020\/11\/image-scaled-700x300.jpg\" height=\"300\" width=\"700\" alt=\"\" class=\"slider-620 slide-632\" title=\"image\" \/><\/li>\n                <li style=\"display: none; width: 100%;\" class=\"slide-633 ms-image\"><img src=\"https:\/\/villa-goga.hr\/wp-content\/uploads\/2020\/11\/mali-losinj__iMZk1-700x300.jpeg\" height=\"300\" width=\"700\" alt=\"\" class=\"slider-620 slide-633\" title=\"mali-losinj__iMZk1\" \/><\/li>\n                <li style=\"display: none; width: 100%;\" class=\"slide-634 ms-image\"><img src=\"https:\/\/villa-goga.hr\/wp-content\/uploads\/2020\/11\/Mali-Losinj_shutterstock_708169291-700x300.jpg\" height=\"300\" width=\"700\" alt=\"\" class=\"slider-620 slide-634\" title=\"Mali-Losinj_shutterstock_708169291\" \/><\/li>\n            <\/ul>\n        <\/div>\n        \n    <\/div>\n<\/div>[\/vc_column_text][vc_column_text]Mali Lo\u0161inj najve\u0107e je naselje na otoku, smje\u0161ten je s ju\u017ene strane lo\u0161injskog zaljeva te je zahvaljuju\u0107i tom polo\u017eaju postao zna\u010dajno pomorsko i trgova\u010dko, a danas i turisti\u010dko sredi\u0161te.<br \/>\nSmje\u0161ten je u uvali Augusta, najve\u0107oj zatvorenoj uvali ovoga oto\u010dja. Sa 8.116 stanovnika, danas je Mali Lo\u0161inj najve\u0107i oto\u010dni grad na Jadranu.<\/p>\n<p>Po\u010deci Malog Lo\u0161inja se\u017eu u 12. stolje\u0107e kada je na otok Lo\u0161inj do\u0161lo dvanaest hrvatskih obitelji nastaniv\u0161i se u isto\u010dnoj uvalici Sv. Martin. Prvi hrvatski doseljenici bili su sto\u010dari i poljoprivrednici, kasnije prelaze\u0107i na ribarstvo, pomorstvo i brodogradnju selilo se i cijelo naselje prema obali. Zlatno doba Malog Lo\u0161inja bio je konac 19. stolje\u0107a kada je, zahvaljuju\u0107i moru i pomorstvu &#8220;Malo selo&#8221; postalo pomorski gradi\u0107.[\/vc_column_text][\/vc_column][\/vc_row][vc_row][vc_column]<div class=\"heading  default align-left color-black subcolor-main transform-default icon-type-default heading-tag-h2\" id=\"like_sc_header_1878235891\"><h2 class=\"header ltx-sr-id-like_sc_header_18782358912066397038 ltx-sr ltx-sr-effect-fade_in ltx-sr-el-block ltx-sr-delay-0 ltx-sr-duration-1000 ltx-sr-sequences-0\">Veli Lo\u0161inj<\/h2><\/div>[vc_column_text]<div id=\"metaslider-id-636\" style=\"width: 100%;\" class=\"ml-slider-3-27-13 metaslider metaslider-flex metaslider-636 ml-slider\">\n    <div id=\"metaslider_container_636\">\n        <div id=\"metaslider_636\">\n            <ul aria-live=\"polite\" class=\"slides\">\n                <li style=\"display: block; width: 100%;\" class=\"slide-643 ms-image\"><img src=\"https:\/\/villa-goga.hr\/wp-content\/uploads\/2020\/11\/seamen-of-veli-losinj-636995557662979358_1600_900-700x300.jpeg\" height=\"300\" width=\"700\" alt=\"\" class=\"slider-636 slide-643\" title=\"seamen-of-veli-losinj-636995557662979358_1600_900\" \/><\/li>\n                <li style=\"display: none; width: 100%;\" class=\"slide-644 ms-image\"><img src=\"https:\/\/villa-goga.hr\/wp-content\/uploads\/2020\/11\/shutterstock_100659223-scaled-700x300.jpg\" height=\"300\" width=\"700\" alt=\"\" class=\"slider-636 slide-644\" title=\"shutterstock_100659223\" \/><\/li>\n                <li style=\"display: none; width: 100%;\" class=\"slide-645 ms-image\"><img src=\"https:\/\/villa-goga.hr\/wp-content\/uploads\/2020\/11\/veli_losinj_1704-700x300.jpg\" height=\"300\" width=\"700\" alt=\"\" class=\"slider-636 slide-645\" title=\"veli_losinj_1704\" \/><\/li>\n                <li style=\"display: none; width: 100%;\" class=\"slide-646 ms-image\"><img src=\"https:\/\/villa-goga.hr\/wp-content\/uploads\/2020\/11\/Veli-Losinj-700x300.jpg\" height=\"300\" width=\"700\" alt=\"\" class=\"slider-636 slide-646\" title=\"Veli-Losinj\" \/><\/li>\n                <li style=\"display: none; width: 100%;\" class=\"slide-647 ms-image\"><img src=\"https:\/\/villa-goga.hr\/wp-content\/uploads\/2020\/11\/veli-losinj-636322893834805219_1600_900-700x300.jpeg\" height=\"300\" width=\"700\" alt=\"\" class=\"slider-636 slide-647\" title=\"veli-losinj-636322893834805219_1600_900\" \/><\/li>\n                <li style=\"display: none; width: 100%;\" class=\"slide-648 ms-image\"><img src=\"https:\/\/villa-goga.hr\/wp-content\/uploads\/2020\/11\/veli-losinj-ivo-biocina-1-700x300.jpg\" height=\"300\" width=\"700\" alt=\"\" class=\"slider-636 slide-648\" title=\"veli-losinj-ivo-biocina-1\" \/><\/li>\n            <\/ul>\n        <\/div>\n        \n    <\/div>\n<\/div>[\/vc_column_text][vc_column_text]Smje\u0161ten je u uskoj uvali na jugoisto\u010dnoj strani otoka Lo\u0161inja, u podno\u017eju brda Sv. Ivan. Visoke ku\u0107e, u prvom redu oko luke, te brojne rasko\u0161ne vile s lijepim vrtovima, glavne su zna\u010dajke ovog lijepog gradi\u0107a, koji je sa svojih 1000 stanovnika, drugo naselje po veli\u010dini na otoku.<br \/>\nInteresantno je spomenuti da je nekada Veli Lo\u0161inj (Velo selo) bio ve\u0107i od Malog Lo\u0161inja (Malo selo), ali se Mali Lo\u0161inj kroz povijest br\u017ee razvijao, te je danas situacija obrnuta, ali su nazivi ostali do dana\u0161njih dana.<\/p>\n<p>U uskim uli\u010dicama Velog Lo\u0161inja, kroz &#8220;portune&#8221; vide se rasko\u0161ne vile nekada\u0161njih kapetana, brodovlasnika i bogate gospode. U vrtovima tih vila skupljeno je 80-tak vrsta razli\u010ditog bilja, dok u velolo\u0161injskom parku, ispred dana\u0161njeg lje\u010dili\u0161ta, a nekada\u0161nje rezidencije nadvojvode Karla Stjepana, ima vi\u0161e od 200 botani\u010dkih vrsta.[\/vc_column_text][\/vc_column][\/vc_row]<\/p>\n","protected":false},"excerpt":{"rendered":"<p>[vc_row][vc_column][vc_column_text][\/vc_column_text][vc_column_text]Na otoku Cresu, uz grad Cres, nalaze se brojna druga naselja od kojih su neka smje\u0161tena uz samu obalu, dok se druga nalaze na vi\u0161im predjelima. Obalna naselja obiluju prekrasnim uvalicama, osamljenim pla\u017eama i \u010distim morem. Mjesta\u0161ca koja se ne nalaze na samoj obali imaju velik broj \u0161etnica, pje\u0161a\u010dkih staza i planinarskih puteva koji vode do skrovitih uvala otoka. Ve\u0107ina naselja datira jo\u0161 iz kamenog doba. Kontinuitet \u017eivota na otoku predstavlja bogato povijesno i kulturno naslijede, od niza liburnijskih gradina, ostataka antickih gradova, ranokatolickih crkvica razasutih po otoku, samostana i ostataka gradskih ba\u0161tina venecijanskog razdoblja do spomenika dana\u0161njice.[\/vc_column_text][\/vc_column][\/vc_row][vc_row][vc_column][vc_column_text][\/vc_column_text][vc_column_text]Lubenice su malo mjesto na otoku Cresu, smje\u0161tene na vrhu litice 378 metara nad morem. U srednjem vijeku mjesto je bilo jedno od sredi\u0161ta arhipelaga koje je imalo geostrate\u0161ki zna\u010daj. U mjestu se nalazi srednjovjekovna utvrda te ostaci srednjovjekovnog gradskog zida i gradska vrata. Uz stari trg, u Lubenicama se nalaze i brojne [&hellip;]<\/p>\n","protected":false},"author":1,"featured_media":703,"parent":0,"menu_order":0,"comment_status":"closed","ping_status":"closed","template":"","meta":[],"_links":{"self":[{"href":"https:\/\/villa-goga.hr\/hr\/wp-json\/wp\/v2\/pages\/722"}],"collection":[{"href":"https:\/\/villa-goga.hr\/hr\/wp-json\/wp\/v2\/pages"}],"about":[{"href":"https:\/\/villa-goga.hr\/hr\/wp-json\/wp\/v2\/types\/page"}],"author":[{"embeddable":true,"href":"https:\/\/villa-goga.hr\/hr\/wp-json\/wp\/v2\/users\/1"}],"replies":[{"embeddable":true,"href":"https:\/\/villa-goga.hr\/hr\/wp-json\/wp\/v2\/comments?post=722"}],"version-history":[{"count":2,"href":"https:\/\/villa-goga.hr\/hr\/wp-json\/wp\/v2\/pages\/722\/revisions"}],"predecessor-version":[{"id":725,"href":"https:\/\/villa-goga.hr\/hr\/wp-json\/wp\/v2\/pages\/722\/revisions\/725"}],"wp:featuredmedia":[{"embeddable":true,"href":"https:\/\/villa-goga.hr\/hr\/wp-json\/wp\/v2\/media\/703"}],"wp:attachment":[{"href":"https:\/\/villa-goga.hr\/hr\/wp-json\/wp\/v2\/media?parent=722"}],"curies":[{"name":"wp","href":"https:\/\/api.w.org\/{rel}","templated":true}]}}