{"id":730,"date":"2020-11-25T22:11:01","date_gmt":"2020-11-25T22:11:01","guid":{"rendered":"https:\/\/villa-goga.hr\/places\/"},"modified":"2020-12-15T23:15:35","modified_gmt":"2020-12-15T23:15:35","slug":"places","status":"publish","type":"page","link":"https:\/\/villa-goga.hr\/it\/places\/","title":{"rendered":"Localita"},"content":{"rendered":"<p>[vc_row][vc_column]<div class=\"heading  default align-left color-black subcolor-main transform-default icon-type-default heading-tag-h2\" id=\"like_sc_header_1979837493\"><h2 class=\"header ltx-sr-id-like_sc_header_197983749319609132 ltx-sr ltx-sr-effect-fade_in ltx-sr-el-block ltx-sr-delay-0 ltx-sr-duration-1000 ltx-sr-sequences-0\">Cres<\/h2><\/div>[vc_column_text]<div id=\"metaslider-id-381\" style=\"width: 100%;\" class=\"ml-slider-3-27-13 metaslider metaslider-flex metaslider-381 ml-slider\">\n    <div id=\"metaslider_container_381\">\n        <div id=\"metaslider_381\">\n            <ul aria-live=\"polite\" class=\"slides\">\n                <li style=\"display: block; width: 100%;\" class=\"slide-388 ms-image\"><img src=\"https:\/\/villa-goga.hr\/wp-content\/uploads\/2020\/12\/cres-scaled-700x300.jpg\" height=\"300\" width=\"700\" alt=\"\" class=\"slider-381 slide-388\" title=\"cres\" \/><\/li>\n                <li style=\"display: none; width: 100%;\" class=\"slide-389 ms-image\"><img src=\"https:\/\/villa-goga.hr\/wp-content\/uploads\/2020\/12\/4045467-1200x675-1-700x300.jpg\" height=\"300\" width=\"700\" alt=\"\" class=\"slider-381 slide-389\" title=\"4045467-1200x675\" \/><\/li>\n                <li style=\"display: none; width: 100%;\" class=\"slide-390 ms-image\"><img src=\"https:\/\/villa-goga.hr\/wp-content\/uploads\/2020\/12\/cres_1702-700x300.jpg\" height=\"300\" width=\"700\" alt=\"\" class=\"slider-381 slide-390\" title=\"cres_1702\" \/><\/li>\n                <li style=\"display: none; width: 100%;\" class=\"slide-391 ms-image\"><img src=\"https:\/\/villa-goga.hr\/wp-content\/uploads\/2020\/12\/Cres-Cres1-700x300.jpg\" height=\"300\" width=\"700\" alt=\"\" class=\"slider-381 slide-391\" title=\"Cres-Cres1\" \/><\/li>\n                <li style=\"display: none; width: 100%;\" class=\"slide-392 ms-image\"><img src=\"https:\/\/villa-goga.hr\/wp-content\/uploads\/2020\/12\/cres-ivo-biocina_2-700x300.jpg\" height=\"300\" width=\"700\" alt=\"\" class=\"slider-381 slide-392\" title=\"cres-ivo-biocina_2\" \/><\/li>\n            <\/ul>\n        <\/div>\n        \n    <\/div>\n<\/div>[\/vc_column_text][vc_column_text]La cittadina di Cres \u00e8 la localit\u00e0 pi\u00f9 grande e il centro amministrativo dell&#8217;isola.<\/p>\n<p>Si trova nella parte nord-est di una baia ben protetta, che per secoli ha offerto un buon riparo da maltempo. La sua posizione favorevole ha permesso la costruzione di una grande marina nella parte meridionale dell&#8217;isola. Nella baia non mancano inoltre ampi spazi balneari: le prime spiagge si trovano a pochi passi dal centro di citt\u00e0. La posizione geografica della citt\u00e0 ha inoltre favorito lo sviluppo di settori come la pesca, l&#8217;ingegneria marittima e la costruzione navale. La straordinaria fertilit\u00e0 del terreno che circonda la citt\u00e0 favorisce la crescita degli uliveti, dai cui frutti si produce ogni anno il famoso olio di oliva di Cherso.[\/vc_column_text][\/vc_column][\/vc_row][vc_row][vc_column]<div class=\"heading  default align-left color-black subcolor-main transform-default icon-type-default heading-tag-h2\" id=\"like_sc_header_985513382\"><h2 class=\"header ltx-sr-id-like_sc_header_9855133821369669340 ltx-sr ltx-sr-effect-fade_in ltx-sr-el-block ltx-sr-delay-0 ltx-sr-duration-1000 ltx-sr-sequences-0\">Lubenice<\/h2><\/div>[vc_column_text]<div id=\"metaslider-id-397\" style=\"width: 100%;\" class=\"ml-slider-3-27-13 metaslider metaslider-flex metaslider-397 ml-slider\">\n    <div id=\"metaslider_container_397\">\n        <div id=\"metaslider_397\">\n            <ul aria-live=\"polite\" class=\"slides\">\n                <li style=\"display: block; width: 100%;\" class=\"slide-402 ms-image\"><img src=\"https:\/\/villa-goga.hr\/wp-content\/uploads\/2020\/11\/01-CRES-LUBENICE-Sveti-Ivan-D85_8141_ACR-aleksandar-gospic-700x300.jpg\" height=\"300\" width=\"700\" alt=\"\" class=\"slider-397 slide-402\" title=\"01-CRES-LUBENICE-Sveti-Ivan-D85_8141_ACR-aleksandar-gospic\" \/><\/li>\n                <li style=\"display: none; width: 100%;\" class=\"slide-403 ms-image\"><img src=\"https:\/\/villa-goga.hr\/wp-content\/uploads\/2020\/11\/kroatien-lubenice-gilt-ohne-hotels-und-restaurants-dafucc88r-aber-mit-friedlicher-idylle-und-herrlicher-aussicht-als-absoluter-geheimtipp-auf-der-insel-cres-kroatien-sinisa-botas-shutters-scaled-700x300.jpg\" height=\"300\" width=\"700\" alt=\"\" class=\"slider-397 slide-403\" title=\"Lubenice gilt ohne Hotels und Restaurants, daf\u00fcr aber mit friedlicher Idylle und herrlicher Aussicht als absoluter Geheimtipp auf der Insel Cres, Kroatien\" \/><\/li>\n                <li style=\"display: none; width: 100%;\" class=\"slide-404 ms-image\"><img src=\"https:\/\/villa-goga.hr\/wp-content\/uploads\/2020\/11\/lubenice1_irena_trkulja-700x300.jpg\" height=\"300\" width=\"700\" alt=\"\" class=\"slider-397 slide-404\" title=\"lubenice1_irena_trkulja\" \/><\/li>\n                <li style=\"display: none; width: 100%;\" class=\"slide-405 ms-image\"><img src=\"https:\/\/villa-goga.hr\/wp-content\/uploads\/2020\/11\/maxresdefault-700x300.jpg\" height=\"300\" width=\"700\" alt=\"\" class=\"slider-397 slide-405\" title=\"maxresdefault\" \/><\/li>\n            <\/ul>\n        <\/div>\n        \n    <\/div>\n<\/div>[\/vc_column_text][vc_column_text]Lubenice \u00e8 un piccolo villaggio situato su uno scoglio, a 378 m sopra il livello del mare. Sorto in un importante punto geostrategico, il villaggio \u00e8 stato gi\u00e0 nel Medioevo uno dei maggiori centri dell&#8217;arcipelago.<\/p>\n<p>Lo testimoniano una fortificazione medievale, i resti delle mura cittadine e l&#8217;antica porta della citt\u00e0. Nelle adiacenze della piazza centrale del villaggio ci sono numerose chiesette: chiesa di Santa Domenica, la chiesa gotica di San Antonio l&#8217;Eremita, la chiesa parrocchiale della Beata Vergine Maria il cui campanile risale al XVIII secolo, la chiesa di San Giacomo.[\/vc_column_text][\/vc_column][\/vc_row][vc_row][vc_column]<div class=\"heading  default align-left color-black subcolor-main transform-default icon-type-default heading-tag-h2\" id=\"like_sc_header_1112982175\"><h2 class=\"header ltx-sr-id-like_sc_header_11129821751075941236 ltx-sr ltx-sr-effect-fade_in ltx-sr-el-block ltx-sr-delay-0 ltx-sr-duration-1000 ltx-sr-sequences-0\">Beli<\/h2><\/div>[vc_column_text]<div id=\"metaslider-id-407\" style=\"width: 100%;\" class=\"ml-slider-3-27-13 metaslider metaslider-flex metaslider-407 ml-slider\">\n    <div id=\"metaslider_container_407\">\n        <div id=\"metaslider_407\">\n            <ul aria-live=\"polite\" class=\"slides\">\n                <li style=\"display: block; width: 100%;\" class=\"slide-414 ms-image\"><img src=\"https:\/\/villa-goga.hr\/wp-content\/uploads\/2020\/11\/99520981-labyrinth-made-of-white-stones-on-a-green-meadow-near-beli-cres-croatia-on-a-sunny-day-in-spring-450x192.jpg\" height=\"300\" width=\"700\" alt=\"\" class=\"slider-407 slide-414\" title=\"99520981-labyrinth-made-of-white-stones-on-a-green-meadow-near-beli-cres-croatia-on-a-sunny-day-in-spring\" \/><\/li>\n                <li style=\"display: none; width: 100%;\" class=\"slide-415 ms-image\"><img src=\"https:\/\/villa-goga.hr\/wp-content\/uploads\/2020\/11\/264096409-700x300.jpg\" height=\"300\" width=\"700\" alt=\"\" class=\"slider-407 slide-415\" title=\"264096409\" \/><\/li>\n                <li style=\"display: none; width: 100%;\" class=\"slide-416 ms-image\"><img src=\"https:\/\/villa-goga.hr\/wp-content\/uploads\/2020\/11\/Beli_Cres_Croatia-700x300.jpg\" height=\"300\" width=\"700\" alt=\"\" class=\"slider-407 slide-416\" title=\"Beli,_Cres,_Croatia\" \/><\/li>\n                <li style=\"display: none; width: 100%;\" class=\"slide-417 ms-image\"><img src=\"https:\/\/villa-goga.hr\/wp-content\/uploads\/2020\/11\/beli_zjRYfR-700x300.jpg\" height=\"300\" width=\"700\" alt=\"\" class=\"slider-407 slide-417\" title=\"beli_zjRYfR\" \/><\/li>\n                <li style=\"display: none; width: 100%;\" class=\"slide-418 ms-image\"><img src=\"https:\/\/villa-goga.hr\/wp-content\/uploads\/2020\/11\/kroatien-die-winzige-ortschaft-beli-im-norden-der-insel-cres-lockt-kroatien-urlauber-vor-allem-mit-seiner-himmlischen-ruhe-und-fantastischen-aussicht-ucc88ber-die-adria-howardponneso-shutte-scaled-700x300.jpg\" height=\"300\" width=\"700\" alt=\"\" class=\"slider-407 slide-418\" title=\"Die winzige Ortschaft Beli im Norden der Insel Cres lockt Kroatien-Urlauber vor allem mit seiner himmlischen Ruhe und fantastischen Aussicht \u00fcber die Adria\" \/><\/li>\n                <li style=\"display: none; width: 100%;\" class=\"slide-419 ms-image\"><img src=\"https:\/\/villa-goga.hr\/wp-content\/uploads\/2020\/11\/maxresdefault-1-700x300.jpg\" height=\"300\" width=\"700\" alt=\"\" class=\"slider-407 slide-419\" title=\"maxresdefault\" \/><\/li>\n            <\/ul>\n        <\/div>\n        \n    <\/div>\n<\/div>[\/vc_column_text][vc_column_text]Beli, una delle prime localit\u00e0 dell&#8217;isola, ha svolto un ruolo molto importante nella sua storia.<\/p>\n<p>Il borgo, sorto sulle rovine di una fortificazione preistorica su un colle alto 130 m a nord dell&#8217;isola ha l&#8217;aspetto di un&#8217;acropoli. S&#8217;inserisce perfettamente nel quadro di villaggi tipici mediterranei, con abitazioni costruite molto vicine tra di loro. La localit\u00e0 di Beli vanta un ricco patrimonio storico-culturali, tra cui: la chiesa parrocchiale con un&#8217;abside semicircolare, sorta sulle rovine dell&#8217;antica chiesa romanica, in cui sono conservate alcune importanti iscrizioni glagolitiche; la chiesa di Santa Maria con la collezione museale; la chiesetta gotica di San Antonio a una navata, situata sul cimitero locale; poi, le stalle preistoriche all&#8217;entrata nel villaggio e, infine, il ponte romano sul canyon e la testa di pietra del re Abele.[\/vc_column_text][\/vc_column][\/vc_row][vc_row][vc_column]<div class=\"heading  default align-left color-black subcolor-main transform-default icon-type-default heading-tag-h2\" id=\"like_sc_header_1279714618\"><h2 class=\"header ltx-sr-id-like_sc_header_12797146181032834534 ltx-sr ltx-sr-effect-fade_in ltx-sr-el-block ltx-sr-delay-0 ltx-sr-duration-1000 ltx-sr-sequences-0\">Valun<\/h2><\/div>[vc_column_text]<div id=\"metaslider-id-421\" style=\"width: 100%;\" class=\"ml-slider-3-27-13 metaslider metaslider-flex metaslider-421 ml-slider\">\n    <div id=\"metaslider_container_421\">\n        <div id=\"metaslider_421\">\n            <ul aria-live=\"polite\" class=\"slides\">\n                <li style=\"display: block; width: 100%;\" class=\"slide-429 ms-image\"><img src=\"https:\/\/villa-goga.hr\/wp-content\/uploads\/2020\/11\/2662dabd2e0f5ecf5fc76d931ee4f546-700x300.jpg\" height=\"300\" width=\"700\" alt=\"\" class=\"slider-421 slide-429\" title=\"2662dabd2e0f5ecf5fc76d931ee4f546\" \/><\/li>\n                <li style=\"display: none; width: 100%;\" class=\"slide-430 ms-image\"><img src=\"https:\/\/villa-goga.hr\/wp-content\/uploads\/2020\/11\/cres-valun-beach-1-l-700x300.jpg\" height=\"300\" width=\"700\" alt=\"\" class=\"slider-421 slide-430\" title=\"cres-valun-beach-1-l\" \/><\/li>\n                <li style=\"display: none; width: 100%;\" class=\"slide-431 ms-image\"><img src=\"https:\/\/villa-goga.hr\/wp-content\/uploads\/2020\/11\/fb8829e41feb69b673a27fb2706035716c2bafe3d79ea2433ede01b0f0129197-scaled-700x300.jpg\" height=\"300\" width=\"700\" alt=\"\" class=\"slider-421 slide-431\" title=\"fb8829e41feb69b673a27fb2706035716c2bafe3d79ea2433ede01b0f0129197\" \/><\/li>\n                <li style=\"display: none; width: 100%;\" class=\"slide-432 ms-image\"><img src=\"https:\/\/villa-goga.hr\/wp-content\/uploads\/2020\/11\/plaza-valun-cres-700x300.jpg\" height=\"300\" width=\"700\" alt=\"\" class=\"slider-421 slide-432\" title=\"plaza-valun-cres\" \/><\/li>\n                <li style=\"display: none; width: 100%;\" class=\"slide-433 ms-image\"><img src=\"https:\/\/villa-goga.hr\/wp-content\/uploads\/2020\/11\/Valun_11-700x300.jpg\" height=\"300\" width=\"700\" alt=\"\" class=\"slider-421 slide-433\" title=\"Valun_11\" \/><\/li>\n                <li style=\"display: none; width: 100%;\" class=\"slide-434 ms-image\"><img src=\"https:\/\/villa-goga.hr\/wp-content\/uploads\/2020\/11\/Valun-cres-1-700x300.jpg\" height=\"300\" width=\"700\" alt=\"\" class=\"slider-421 slide-434\" title=\"Valun-cres\" \/><\/li>\n            <\/ul>\n        <\/div>\n        \n    <\/div>\n<\/div>[\/vc_column_text][vc_column_text]Valun, un pittoresco borgo di pescatori e contadini situato tra due formidabili spiagge di ghiaia a sud dalla citt\u00e0 di Cherso, era originariamente il porto dell&#8217;antico villaggio di Bu\u0107ev, le cui rovine sono state ritrovate vicino alla chiesa di San Marco.<\/p>\n<p>Nella chiesa invece \u00e8 stata scoperta la Lapide di Valun, che, risalente all&#8217; XI secolo, \u00e8 uno dei monumenti glagolitici pi\u00f9 antichi ed \u00e8 conservato nella chiesa della parrocchia di Valun. Una visita che \u00e8 interessante collegare a quella del Lapidario glagolitico, situato sul terrazzo di un odierno ristorante: la collezione comprende copie delle lapidi glagolitiche pi\u00f9 antiche dell&#8217;Istria, del Quarnero e della Dalmazia.<\/p>\n<p>Valun \u00e8 inoltre una famosa destinazione gastronomica, i cui piatti tipici sono soprattutto a base di pesce.[\/vc_column_text][\/vc_column][\/vc_row][vc_row][vc_column]<div class=\"heading  default align-left color-black subcolor-main transform-default icon-type-default heading-tag-h2\" id=\"like_sc_header_1810935715\"><h2 class=\"header ltx-sr-id-like_sc_header_1810935715744358420 ltx-sr ltx-sr-effect-fade_in ltx-sr-el-block ltx-sr-delay-0 ltx-sr-duration-1000 ltx-sr-sequences-0\">Martin\u0161\u0107ica<\/h2><\/div>[vc_column_text]<div id=\"metaslider-id-437\" style=\"width: 100%;\" class=\"ml-slider-3-27-13 metaslider metaslider-flex metaslider-437 ml-slider\">\n    <div id=\"metaslider_container_437\">\n        <div id=\"metaslider_437\">\n            <ul aria-live=\"polite\" class=\"slides\">\n                <li style=\"display: block; width: 100%;\" class=\"slide-444 ms-image\"><img src=\"https:\/\/villa-goga.hr\/wp-content\/uploads\/2020\/11\/1-martinscica01_2017-08-24-700x300.jpg\" height=\"300\" width=\"700\" alt=\"\" class=\"slider-437 slide-444\" title=\"1-martinscica01_2017-08-24\" \/><\/li>\n                <li style=\"display: none; width: 100%;\" class=\"slide-445 ms-image\"><img src=\"https:\/\/villa-goga.hr\/wp-content\/uploads\/2020\/11\/41300-700x300.jpg\" height=\"300\" width=\"700\" alt=\"\" class=\"slider-437 slide-445\" title=\"41300\" \/><\/li>\n                <li style=\"display: none; width: 100%;\" class=\"slide-446 ms-image\"><img src=\"https:\/\/villa-goga.hr\/wp-content\/uploads\/2020\/11\/138385513-700x300.jpg\" height=\"300\" width=\"700\" alt=\"\" class=\"slider-437 slide-446\" title=\"138385513\" \/><\/li>\n                <li style=\"display: none; width: 100%;\" class=\"slide-447 ms-image\"><img src=\"https:\/\/villa-goga.hr\/wp-content\/uploads\/2020\/11\/1461659955_martinscica1_jpg-700x300.jpg\" height=\"300\" width=\"700\" alt=\"\" class=\"slider-437 slide-447\" title=\"1461659955_martinscica1_jpg\" \/><\/li>\n                <li style=\"display: none; width: 100%;\" class=\"slide-448 ms-image\"><img src=\"https:\/\/villa-goga.hr\/wp-content\/uploads\/2020\/11\/1472203850_m1-700x300.jpg\" height=\"300\" width=\"700\" alt=\"\" class=\"slider-437 slide-448\" title=\"1472203850_m1\" \/><\/li>\n                <li style=\"display: none; width: 100%;\" class=\"slide-449 ms-image\"><img src=\"https:\/\/villa-goga.hr\/wp-content\/uploads\/2020\/11\/martinscica02-700x300.jpg\" height=\"300\" width=\"700\" alt=\"\" class=\"slider-437 slide-449\" title=\"DCIM100GOPROG0015127.\" \/><div class=\"caption-wrap\"><div class=\"caption\">DCIM100GOPROG0015127.<\/div><\/div><\/li>\n            <\/ul>\n        <\/div>\n        \n    <\/div>\n<\/div>[\/vc_column_text][vc_column_text]Il borgo di Martin\u0161\u0107ica, secondo per la grandezza sull&#8217;isola, si trova nella grande baia sulla costa occidentale di Cherso.<\/p>\n<p>Il suo nome deriva dalla chiesa medievale di San Martino, santo patrono di Martin\u0161\u0107ica.<\/p>\n<p>Si punta soprattutto sul turismo di tipo famigliare e campeggi ed \u00e8 particolare per le piante mediterranee e le splendide spiagge che si stendono nella parte settentrionale del villaggio, offrendo la destinazione perfetta per una vacanza attiva. Nei pressi di Martin\u0161\u0107ica si trovano altre destinazioni turistiche interessanti come Mihola\u0161\u0107ica, Stivan e Vidovi\u0107i.<\/p>\n<p>Da non perdere sono le antiche fortificazioni, le rovine della chiesa romanica di San Cristoforo, e i frammenti della chiesa gotica di San Cosimo e Damiano, situate sule colline che circondano il borgo e, nelle calette, le rovine delle antiche ville.[\/vc_column_text][\/vc_column][\/vc_row][vc_row][vc_column]<div class=\"heading  default align-left color-black subcolor-main transform-default icon-type-default heading-tag-h2\" id=\"like_sc_header_179848482\"><h2 class=\"header ltx-sr-id-like_sc_header_1798484821974260777 ltx-sr ltx-sr-effect-fade_in ltx-sr-el-block ltx-sr-delay-0 ltx-sr-duration-1000 ltx-sr-sequences-0\">Osor<\/h2><\/div>[vc_column_text]<div id=\"metaslider-id-608\" style=\"width: 100%;\" class=\"ml-slider-3-27-13 metaslider metaslider-flex metaslider-608 ml-slider\">\n    <div id=\"metaslider_container_608\">\n        <div id=\"metaslider_608\">\n            <ul aria-live=\"polite\" class=\"slides\">\n                <li style=\"display: block; width: 100%;\" class=\"slide-614 ms-image\"><img src=\"https:\/\/villa-goga.hr\/wp-content\/uploads\/2020\/11\/osor-636319432315948645_1600_900-700x300.jpeg\" height=\"300\" width=\"700\" alt=\"\" class=\"slider-608 slide-614\" title=\"osor-636319432315948645_1600_900\" \/><\/li>\n                <li style=\"display: none; width: 100%;\" class=\"slide-615 ms-image\"><img src=\"https:\/\/villa-goga.hr\/wp-content\/uploads\/2020\/11\/osor-636319432433292386_1600_900-700x300.jpeg\" height=\"300\" width=\"700\" alt=\"\" class=\"slider-608 slide-615\" title=\"osor-636319432433292386_1600_900\" \/><\/li>\n                <li style=\"display: none; width: 100%;\" class=\"slide-616 ms-image\"><img src=\"https:\/\/villa-goga.hr\/wp-content\/uploads\/2020\/11\/osor-636319432475479904_1600_900-700x300.jpeg\" height=\"300\" width=\"700\" alt=\"\" class=\"slider-608 slide-616\" title=\"osor-636319432475479904_1600_900\" \/><\/li>\n                <li style=\"display: none; width: 100%;\" class=\"slide-617 ms-image\"><img src=\"https:\/\/villa-goga.hr\/wp-content\/uploads\/2020\/11\/osor-636536950701785710_1600_900-1-700x300.jpeg\" height=\"300\" width=\"700\" alt=\"\" class=\"slider-608 slide-617\" title=\"osor-636536950701785710_1600_900 (1)\" \/><\/li>\n                <li style=\"display: none; width: 100%;\" class=\"slide-618 ms-image\"><img src=\"https:\/\/villa-goga.hr\/wp-content\/uploads\/2020\/11\/osor-636536950701785710_1600_900-700x300.jpeg\" height=\"300\" width=\"700\" alt=\"\" class=\"slider-608 slide-618\" title=\"osor-636536950701785710_1600_900\" \/><\/li>\n            <\/ul>\n        <\/div>\n        \n    <\/div>\n<\/div>[\/vc_column_text][vc_column_text]Gi\u00e0 nota nell&#8217;antichit\u00e0, Osor (Ossero) sorge l\u00e0 dove le isole di Lussino e Cherso sembrano sfiorarsi.<br \/>\nGrazie al canale (Cavata, Kavuada, Cavanella) che divide le due isole e che permise il passaggio e la navigazione da un mare all&#8217;altro, Ossero nel passato fu protagonista del traffico mercantile che si svolgeva tra l&#8217;alto Adriatico e la costa dalmata, diventando grazie al quale divenne un porto dal respiro internazionale.<\/p>\n<p>L\u2019antica piazza di Ossero a cui s&#8217;affacciano bellissimi edifici del XV e del XVI secolo (come il palazzo del Municipio con la loggia &#8211; oggi ospitante la Collezione archeologica d&#8217;Ossero facente parte del Museo di Lussino, il palazzo vescovile e la maestosa cattedrale con campanile), costituisce il centro storico della cittadina.[\/vc_column_text][\/vc_column][\/vc_row][vc_row][vc_column]<div class=\"heading  default align-left color-black subcolor-main transform-default icon-type-default heading-tag-h2\" id=\"like_sc_header_9101987\"><h2 class=\"header ltx-sr-id-like_sc_header_91019872118977033 ltx-sr ltx-sr-effect-fade_in ltx-sr-el-block ltx-sr-delay-0 ltx-sr-duration-1000 ltx-sr-sequences-0\">Mali Lo\u0161inj<\/h2><\/div>[vc_column_text]<div id=\"metaslider-id-620\" style=\"width: 100%;\" class=\"ml-slider-3-27-13 metaslider metaslider-flex metaslider-620 ml-slider\">\n    <div id=\"metaslider_container_620\">\n        <div id=\"metaslider_620\">\n            <ul aria-live=\"polite\" class=\"slides\">\n                <li style=\"display: block; width: 100%;\" class=\"slide-628 ms-image\"><img src=\"https:\/\/villa-goga.hr\/wp-content\/uploads\/2020\/11\/00-lede-losinj-island-croatia-travel-guide-700x300.jpg\" height=\"300\" width=\"700\" alt=\"\" class=\"slider-620 slide-628\" title=\"00-lede-losinj-island-croatia-travel-guide\" \/><\/li>\n                <li style=\"display: none; width: 100%;\" class=\"slide-629 ms-image\"><img src=\"https:\/\/villa-goga.hr\/wp-content\/uploads\/2020\/11\/1_19702_04-700x300.jpg\" height=\"300\" width=\"700\" alt=\"\" class=\"slider-620 slide-629\" title=\"1_19702_04\" \/><\/li>\n                <li style=\"display: none; width: 100%;\" class=\"slide-630 ms-image\"><img src=\"https:\/\/villa-goga.hr\/wp-content\/uploads\/2020\/11\/cikat_bay-r-700x300.jpg\" height=\"300\" width=\"700\" alt=\"\" class=\"slider-620 slide-630\" title=\"cikat_bay-r\" \/><\/li>\n                <li style=\"display: none; width: 100%;\" class=\"slide-631 ms-image\"><img src=\"https:\/\/villa-goga.hr\/wp-content\/uploads\/2020\/11\/GettyImages-481199122_high-scaled-700x300.jpg\" height=\"300\" width=\"700\" alt=\"\" class=\"slider-620 slide-631\" title=\"GettyImages-481199122_high\" \/><\/li>\n                <li style=\"display: none; width: 100%;\" class=\"slide-632 ms-image\"><img src=\"https:\/\/villa-goga.hr\/wp-content\/uploads\/2020\/11\/image-scaled-700x300.jpg\" height=\"300\" width=\"700\" alt=\"\" class=\"slider-620 slide-632\" title=\"image\" \/><\/li>\n                <li style=\"display: none; width: 100%;\" class=\"slide-633 ms-image\"><img src=\"https:\/\/villa-goga.hr\/wp-content\/uploads\/2020\/11\/mali-losinj__iMZk1-700x300.jpeg\" height=\"300\" width=\"700\" alt=\"\" class=\"slider-620 slide-633\" title=\"mali-losinj__iMZk1\" \/><\/li>\n                <li style=\"display: none; width: 100%;\" class=\"slide-634 ms-image\"><img src=\"https:\/\/villa-goga.hr\/wp-content\/uploads\/2020\/11\/Mali-Losinj_shutterstock_708169291-700x300.jpg\" height=\"300\" width=\"700\" alt=\"\" class=\"slider-620 slide-634\" title=\"Mali-Losinj_shutterstock_708169291\" \/><\/li>\n            <\/ul>\n        <\/div>\n        \n    <\/div>\n<\/div>[\/vc_column_text][vc_column_text]Lussinpiccolo (Mali Lo\u0161inj) \u00e8 il pi\u00f9 grande centro abitato dell&#8217;isola. Grazie alla sua posizione sul versante meridionale del golfo di Lussino, negli anni \u00e8 diventato un importante centro marittimo, mercantile e, ultimamente, anche turistico.<br \/>\nSorta nel bel mezzo del golfo di Augusta, la pi\u00f9 grande insenatura dell&#8217;isola, con i suoi 8.116 abitanti \u00e8 oggigiorno il pi\u00f9 grande centro abitato delle isole adriatiche.<\/p>\n<p>Le origini di Lussinpiccolo datano al XII secolo, quando l&#8217;isola di Lussino fu raggiunta da dodici famiglie croate che si stabilirono nella baia orientale di San Martino. I primi coloni croati erano originariamente allevatori e agricoltori; in seguito, scoperta la pesca ed essendosi specializzati nella marineria e nella costruzione di navi, decisero di lasciare le campagne e d\u2019insediarsi lungo le coste dell&#8217;isola. Il periodo d&#8217;oro di Lussinpiccolo coincide con la fine del XIX secolo quando, grazie al mare e alla marineria, da \u201cpiccolo villaggio\u201c qual era, Lussinpiccolo diventa una vera e propria cittadina marinara. [\/vc_column_text][\/vc_column][\/vc_row][vc_row][vc_column]<div class=\"heading  default align-left color-black subcolor-main transform-default icon-type-default heading-tag-h2\" id=\"like_sc_header_1504351596\"><h2 class=\"header ltx-sr-id-like_sc_header_1504351596266385332 ltx-sr ltx-sr-effect-fade_in ltx-sr-el-block ltx-sr-delay-0 ltx-sr-duration-1000 ltx-sr-sequences-0\">Veli Lo\u0161inj<\/h2><\/div>[vc_column_text]<div id=\"metaslider-id-636\" style=\"width: 100%;\" class=\"ml-slider-3-27-13 metaslider metaslider-flex metaslider-636 ml-slider\">\n    <div id=\"metaslider_container_636\">\n        <div id=\"metaslider_636\">\n            <ul aria-live=\"polite\" class=\"slides\">\n                <li style=\"display: block; width: 100%;\" class=\"slide-643 ms-image\"><img src=\"https:\/\/villa-goga.hr\/wp-content\/uploads\/2020\/11\/seamen-of-veli-losinj-636995557662979358_1600_900-700x300.jpeg\" height=\"300\" width=\"700\" alt=\"\" class=\"slider-636 slide-643\" title=\"seamen-of-veli-losinj-636995557662979358_1600_900\" \/><\/li>\n                <li style=\"display: none; width: 100%;\" class=\"slide-644 ms-image\"><img src=\"https:\/\/villa-goga.hr\/wp-content\/uploads\/2020\/11\/shutterstock_100659223-scaled-700x300.jpg\" height=\"300\" width=\"700\" alt=\"\" class=\"slider-636 slide-644\" title=\"shutterstock_100659223\" \/><\/li>\n                <li style=\"display: none; width: 100%;\" class=\"slide-645 ms-image\"><img src=\"https:\/\/villa-goga.hr\/wp-content\/uploads\/2020\/11\/veli_losinj_1704-700x300.jpg\" height=\"300\" width=\"700\" alt=\"\" class=\"slider-636 slide-645\" title=\"veli_losinj_1704\" \/><\/li>\n                <li style=\"display: none; width: 100%;\" class=\"slide-646 ms-image\"><img src=\"https:\/\/villa-goga.hr\/wp-content\/uploads\/2020\/11\/Veli-Losinj-700x300.jpg\" height=\"300\" width=\"700\" alt=\"\" class=\"slider-636 slide-646\" title=\"Veli-Losinj\" \/><\/li>\n                <li style=\"display: none; width: 100%;\" class=\"slide-647 ms-image\"><img src=\"https:\/\/villa-goga.hr\/wp-content\/uploads\/2020\/11\/veli-losinj-636322893834805219_1600_900-700x300.jpeg\" height=\"300\" width=\"700\" alt=\"\" class=\"slider-636 slide-647\" title=\"veli-losinj-636322893834805219_1600_900\" \/><\/li>\n                <li style=\"display: none; width: 100%;\" class=\"slide-648 ms-image\"><img src=\"https:\/\/villa-goga.hr\/wp-content\/uploads\/2020\/11\/veli-losinj-ivo-biocina-1-700x300.jpg\" height=\"300\" width=\"700\" alt=\"\" class=\"slider-636 slide-648\" title=\"veli-losinj-ivo-biocina-1\" \/><\/li>\n            <\/ul>\n        <\/div>\n        \n    <\/div>\n<\/div>[\/vc_column_text][vc_column_text]Lussingrande (Veli Lo\u0161inj) sorge in una stretta baia del versante sud-orientale dell&#8217;isola di Lussino, ai piedi del monte di S. Giovanni (Sveti Ivan). Molto suggestiva, con le sue alte case in riva al mare che circondano il porticciolo e con le ville signorili attorniate da bellissimi giardini, con i suoi mille abitanti \u00e8 il secondo centro abitato dell&#8217;isola.<br \/>\nInteressante notare come, tempo addietro, Lussingrande (all&#8217;epoca Velo Selo) fosse pi\u00f9 grande di Lussinpiccolo (Mali Lo\u0161inj). Col tempo, per\u00f2, Lussinpiccolo prese a svilupparsi pi\u00f9 rapidamente di Lussingrande, tanto che la situazione si capovolse completamente. Nonostante ci\u00f2, i nomi sono rimasti tali e quali fino ad oggi.<br \/>\n[\/vc_column_text][\/vc_column][\/vc_row]<\/p>\n","protected":false},"excerpt":{"rendered":"<p>[vc_row][vc_column][vc_column_text][\/vc_column_text][vc_column_text]La cittadina di Cres \u00e8 la localit\u00e0 pi\u00f9 grande e il centro amministrativo dell&#8217;isola. Si trova nella parte nord-est di una baia ben protetta, che per secoli ha offerto un buon riparo da maltempo. La sua posizione favorevole ha permesso la costruzione di una grande marina nella parte meridionale dell&#8217;isola. Nella baia non mancano inoltre ampi spazi balneari: le prime spiagge si trovano a pochi passi dal centro di citt\u00e0. La posizione geografica della citt\u00e0 ha inoltre favorito lo sviluppo di settori come la pesca, l&#8217;ingegneria marittima e la costruzione navale. La straordinaria fertilit\u00e0 del terreno che circonda la citt\u00e0 favorisce la crescita degli uliveti, dai cui frutti si produce ogni anno il famoso olio di oliva di Cherso.[\/vc_column_text][\/vc_column][\/vc_row][vc_row][vc_column][vc_column_text][\/vc_column_text][vc_column_text]Lubenice \u00e8 un piccolo villaggio situato su uno scoglio, a 378 m sopra il livello del mare. Sorto in un importante punto geostrategico, il villaggio \u00e8 stato gi\u00e0 nel Medioevo uno dei [&hellip;]<\/p>\n","protected":false},"author":1,"featured_media":717,"parent":0,"menu_order":0,"comment_status":"closed","ping_status":"closed","template":"","meta":[],"_links":{"self":[{"href":"https:\/\/villa-goga.hr\/it\/wp-json\/wp\/v2\/pages\/730"}],"collection":[{"href":"https:\/\/villa-goga.hr\/it\/wp-json\/wp\/v2\/pages"}],"about":[{"href":"https:\/\/villa-goga.hr\/it\/wp-json\/wp\/v2\/types\/page"}],"author":[{"embeddable":true,"href":"https:\/\/villa-goga.hr\/it\/wp-json\/wp\/v2\/users\/1"}],"replies":[{"embeddable":true,"href":"https:\/\/villa-goga.hr\/it\/wp-json\/wp\/v2\/comments?post=730"}],"version-history":[{"count":2,"href":"https:\/\/villa-goga.hr\/it\/wp-json\/wp\/v2\/pages\/730\/revisions"}],"predecessor-version":[{"id":733,"href":"https:\/\/villa-goga.hr\/it\/wp-json\/wp\/v2\/pages\/730\/revisions\/733"}],"wp:featuredmedia":[{"embeddable":true,"href":"https:\/\/villa-goga.hr\/it\/wp-json\/wp\/v2\/media\/717"}],"wp:attachment":[{"href":"https:\/\/villa-goga.hr\/it\/wp-json\/wp\/v2\/media?parent=730"}],"curies":[{"name":"wp","href":"https:\/\/api.w.org\/{rel}","templated":true}]}}